{"id":20695,"date":"2025-07-21T09:22:25","date_gmt":"2025-07-21T07:22:25","guid":{"rendered":"https:\/\/optimedis.de\/meilleures-pratiques\/"},"modified":"2025-08-26T10:48:07","modified_gmt":"2025-08-26T08:48:07","slug":"meilleures-pratiques","status":"publish","type":"page","link":"https:\/\/optimedis.de\/fr\/meilleures-pratiques\/","title":{"rendered":"Meilleures pratiques"},"content":{"rendered":"<p>[et_pb_section fb_built=\u00a0\u00bb1&Prime; _builder_version=\u00a0\u00bb4.27.4&Prime; _module_preset=\u00a0\u00bbdefault\u00a0\u00bb background_color_gradient_direction=\u00a0\u00bb270deg\u00a0\u00bb background_color_gradient_start=\u00a0\u00bb#334048&Prime; background_color_gradient_end=\u00a0\u00bbrgba(0,0,0,0)\u00a0\u00bb background_image=\u00a0\u00bbhttps:\/\/optimedis.de\/wp-content\/uploads\/2025\/01\/AdobeStock_535225628-2-1-scaled.jpeg\u00a0\u00bb height=\u00a0\u00bb720px\u00a0\u00bb custom_padding=\u00a0\u00bb10px||36px||false|false\u00a0\u00bb background_last_edited=\u00a0\u00bbon|phone\u00a0\u00bb background_image_phone=\u00a0\u00bbhttps:\/\/optimedis.de\/wp-content\/uploads\/2022\/05\/Headerbild_Forschung_mobil.jpg\u00a0\u00bb background_enable_image_phone=\u00a0\u00bbon\u00a0\u00bb custom_css_main_element=\u00a0\u00bbdisplay:flex; flex-direction:column; justify-content:flex-end;\u00a0\u00bb global_colors_info=\u00a0\u00bb{}\u00a0\u00bb][et_pb_row custom_padding_last_edited=\u00a0\u00bbon|tablet\u00a0\u00bb _builder_version=\u00a0\u00bb4.27.4&Prime; _module_preset=\u00a0\u00bbdefault\u00a0\u00bb module_alignment=\u00a0\u00bbcenter\u00a0\u00bb custom_margin=\u00a0\u00bb0px||0px||true|false\u00a0\u00bb custom_padding=\u00a0\u00bb|30px||125px|false|false\u00a0\u00bb custom_padding_tablet=\u00a0\u00bb8px|30px|36px|30px|false|false\u00a0\u00bb custom_padding_phone=\u00a0\u00bb8px|30px|36px|30px|false|false\u00a0\u00bb global_colors_info=\u00a0\u00bb{}\u00a0\u00bb][et_pb_column type=\u00a0\u00bb4_4&Prime; _builder_version=\u00a0\u00bb4.17.3&Prime; _module_preset=\u00a0\u00bbdefault\u00a0\u00bb global_colors_info=\u00a0\u00bb{}\u00a0\u00bb][et_pb_text _builder_version=\u00a0\u00bb4.27.4&Prime; _module_preset=\u00a0\u00bbdefault\u00a0\u00bb text_font=\u00a0\u00bbEuclidCircularB-Bold|||on|||||\u00a0\u00bb text_text_color=\u00a0\u00bb#FFFFFF\u00a0\u00bb text_font_size=\u00a0\u00bb72px\u00a0\u00bb text_line_height=\u00a0\u00bb1.2em\u00a0\u00bb header_text_color=\u00a0\u00bb#FFFFFF\u00a0\u00bb header_font_size=\u00a0\u00bb72px\u00a0\u00bb header_line_height=\u00a0\u00bb1.2em\u00a0\u00bb module_alignment=\u00a0\u00bbleft\u00a0\u00bb custom_margin=\u00a0\u00bb|||126px||\u00a0\u00bb custom_margin_tablet=\u00a0\u00bb|||0px|false|false\u00a0\u00bb custom_margin_phone=\u00a0\u00bb|||0px|false|false\u00a0\u00bb custom_margin_last_edited=\u00a0\u00bbon|tablet\u00a0\u00bb header_font_size_tablet=\u00a0\u00bb55px\u00a0\u00bb header_font_size_phone=\u00a0\u00bb42px\u00a0\u00bb header_font_size_last_edited=\u00a0\u00bbon|tablet\u00a0\u00bb global_colors_info=\u00a0\u00bb{}\u00a0\u00bb]<\/p>\n<h1 style=\"text-align: left;\">Meilleures pratiques<\/h1>\n<p>[\/et_pb_text][et_pb_text disabled_on=\u00a0\u00bbon|off|off\u00a0\u00bb _builder_version=\u00a0\u00bb4.27.4&Prime; _module_preset=\u00a0\u00bbdefault\u00a0\u00bb text_font=\u00a0\u00bbEuclidCircularB-Regular||||||||\u00a0\u00bb text_text_color=\u00a0\u00bb#FFFFFF\u00a0\u00bb module_alignment=\u00a0\u00bbleft\u00a0\u00bb custom_margin=\u00a0\u00bb|||129px||\u00a0\u00bb custom_margin_tablet=\u00a0\u00bb|||0px|false|false\u00a0\u00bb custom_margin_phone=\u00a0\u00bb|||0px|false|false\u00a0\u00bb custom_margin_last_edited=\u00a0\u00bbon|tablet\u00a0\u00bb hover_enabled=\u00a0\u00bb0&Prime; text_font_size_tablet=\u00a0\u00bb20px\u00a0\u00bb text_font_size_phone=\u00a0\u00bb20px\u00a0\u00bb text_font_size_last_edited=\u00a0\u00bbon|tablet\u00a0\u00bb text_line_height_tablet=\u00a0\u00bb24px\u00a0\u00bb text_line_height_phone=\u00a0\u00bb24px\u00a0\u00bb text_line_height_last_edited=\u00a0\u00bbon|tablet\u00a0\u00bb global_colors_info=\u00a0\u00bb{}\u00a0\u00bb sticky_enabled=\u00a0\u00bb0&Prime;]<\/p>\n<p>Des mod\u00e8les tels que \u00ab\u00a0Gesundes Kinzigtal\u00a0\u00bb, \u00ab\u00a0Gesunder Schwalm-Eder-Kreis+\u00a0\u00bb et les r\u00e9seaux Parkinson Allemagne contribuent \u00e0 la mise en place de r\u00e9seaux de soins orient\u00e9s vers les patients. Gr\u00e2ce \u00e0 nos initiatives internationales telles que \u00ab\u00a0Health Promoting Hospitals\u00a0\u00bb, nous misons sur le renforcement des solutions de soins int\u00e9gr\u00e9s dans le monde entier. <\/p>\n<p>[\/et_pb_text][\/et_pb_column][\/et_pb_row][\/et_pb_section][et_pb_section fb_built=\u00a0\u00bb1&Prime; admin_label=\u00a0\u00bbDatenanalytik\u00a0\u00bb _builder_version=\u00a0\u00bb4.16&Prime; _module_preset=\u00a0\u00bbdefault\u00a0\u00bb global_colors_info=\u00a0\u00bb{}\u00a0\u00bb][et_pb_row admin_label=\u00a0\u00bbintrotext\u00a0\u00bb _builder_version=\u00a0\u00bb4.16&Prime; _module_preset=\u00a0\u00bbdefault\u00a0\u00bb custom_padding=\u00a0\u00bb44px|30px|2px|30px|false|true\u00a0\u00bb global_colors_info=\u00a0\u00bb{}\u00a0\u00bb][et_pb_column type=\u00a0\u00bb4_4&Prime; _builder_version=\u00a0\u00bb4.16&Prime; _module_preset=\u00a0\u00bbdefault\u00a0\u00bb global_colors_info=\u00a0\u00bb{}\u00a0\u00bb][et_pb_text _builder_version=\u00a0\u00bb4.27.4&Prime; _module_preset=\u00a0\u00bbdefault\u00a0\u00bb text_font=\u00a0\u00bbEuclidCircularB-Medium||||||||\u00a0\u00bb text_text_color=\u00a0\u00bb#8F8D92&Prime; text_font_size=\u00a0\u00bb40px\u00a0\u00bb text_line_height=\u00a0\u00bb1.2em\u00a0\u00bb header_text_color=\u00a0\u00bb#869FC2&Prime; header_2_text_color=\u00a0\u00bb#869FC2&Prime; custom_margin=\u00a0\u00bb||-2px||false|false\u00a0\u00bb custom_padding=\u00a0\u00bb||7px|||\u00a0\u00bb header_font_size_phone=\u00a0\u00bb28px\u00a0\u00bb header_2_font_size_phone=\u00a0\u00bb31px\u00a0\u00bb global_colors_info=\u00a0\u00bb{}\u00a0\u00bb]<\/p>\n<h2>R\u00e9seaux de sant\u00e9 territoriaux<\/h2>\n<p>[\/et_pb_text][et_pb_text _builder_version=\u00a0\u00bb4.27.4&Prime; _module_preset=\u00a0\u00bbdefault\u00a0\u00bb custom_margin=\u00a0\u00bb||2px|||\u00a0\u00bb global_colors_info=\u00a0\u00bb{}\u00a0\u00bb]<\/p>\n<p>L&rsquo;une de nos priorit\u00e9s est la mise en place de r\u00e9seaux de sant\u00e9 proposant des solutions innovantes en mati\u00e8re de sant\u00e9 et de soins. Les r\u00e9seaux de sant\u00e9 que nous avons mis en place avec nos partenaires, \u00ab\u00a0Gesundes Kinzigtal\u00a0\u00bb, \u00ab\u00a0Gesunder Werra-Mei\u00dfner Kreis\u00a0\u00bb, \u00ab\u00a0Gesundheit f\u00fcr Billstedt-Horn\u00a0\u00bb et \u00ab\u00a0Gesunder Schwalm-Eder-Kreis+\u00a0\u00bb, sont connus au-del\u00e0 des fronti\u00e8res allemandes et sont \u00e9galement consid\u00e9r\u00e9s comme des mod\u00e8les de r\u00e9f\u00e9rence au niveau international pour des soins orient\u00e9s vers les patients.  <\/p>\n<p>[\/et_pb_text][\/et_pb_column][\/et_pb_row][\/et_pb_section][et_pb_section fb_built=\u00a0\u00bb1&Prime; admin_label=\u00a0\u00bbLeistungsspektrum\u00a0\u00bb module_id=\u00a0\u00bbservices\u00a0\u00bb _builder_version=\u00a0\u00bb4.17.3&Prime; _module_preset=\u00a0\u00bbdefault\u00a0\u00bb background_image=\u00a0\u00bbhttps:\/\/optimedis.de\/wp-content\/uploads\/2022\/04\/1000_F_292342304_bUGSgrf0DmH72cNWJqwAyvcB6sJzIqUj.jpg\u00a0\u00bb global_colors_info=\u00a0\u00bb{}\u00a0\u00bb][et_pb_row disabled_on=\u00a0\u00bboff|off|off\u00a0\u00bb admin_label=\u00a0\u00bbTitre\u00a0\u00bb _builder_version=\u00a0\u00bb4.27.4&Prime; _module_preset=\u00a0\u00bbe30d4ce4-adac-4b15-977d-a52a8ee64faa\u00a0\u00bb custom_padding=\u00a0\u00bb7px|30px|0px|30px|false|false\u00a0\u00bb global_colors_info=\u00a0\u00bb{}\u00a0\u00bb][et_pb_column type=\u00a0\u00bb4_4&Prime; _builder_version=\u00a0\u00bb4.16&Prime; _module_preset=\u00a0\u00bbdefault\u00a0\u00bb global_colors_info=\u00a0\u00bb{}\u00a0\u00bb][et_pb_text disabled_on=\u00a0\u00bboff|off|off\u00a0\u00bb _builder_version=\u00a0\u00bb4.27.4&Prime; _module_preset=\u00a0\u00bbdefault\u00a0\u00bb custom_margin=\u00a0\u00bb||17px||false|false\u00a0\u00bb global_colors_info=\u00a0\u00bb{}\u00a0\u00bb]<\/p>\n<h2 style=\"text-align: center;\"><span style=\"color: #ec6961;\">MISE EN \u0152UVRE<\/span><\/h2>\n<p>[\/et_pb_text][\/et_pb_column][\/et_pb_row][et_pb_row column_structure=\u00a0\u00bb1_2,1_2&Prime; use_custom_gutter=\u00a0\u00bbon\u00a0\u00bb gutter_width=\u00a0\u00bb2&Prime; make_equal=\u00a0\u00bbon\u00a0\u00bb custom_padding_last_edited=\u00a0\u00bbon|tablet\u00a0\u00bb module_class=\u00a0\u00bbword-break\u00a0\u00bb _builder_version=\u00a0\u00bb4.17.3&Prime; _module_preset=\u00a0\u00bbe30d4ce4-adac-4b15-977d-a52a8ee64faa\u00a0\u00bb custom_margin_tablet=\u00a0\u00bb||30px||false|false\u00a0\u00bb custom_margin_phone=\u00a0\u00bb||30px||false|false\u00a0\u00bb custom_margin_last_edited=\u00a0\u00bbon|tablet\u00a0\u00bb custom_padding_tablet=\u00a0\u00bb14px|30px|0px|30px|false|false\u00a0\u00bb custom_padding_phone=\u00a0\u00bb14px|30px|0px|30px|false|false\u00a0\u00bb global_colors_info=\u00a0\u00bb{}\u00a0\u00bb][et_pb_column type=\u00a0\u00bb1_2&Prime; _builder_version=\u00a0\u00bb4.16&Prime; _module_preset=\u00a0\u00bb326732a5-b45a-4fe0-889f-9654d4937924&Prime; global_colors_info=\u00a0\u00bb{}\u00a0\u00bb][et_pb_text _builder_version=\u00a0\u00bb4.17.3&Prime; _module_preset=\u00a0\u00bbdefault\u00a0\u00bb text_line_height=\u00a0\u00bb1.1em\u00a0\u00bb header_3_font_size=\u00a0\u00bb27px\u00a0\u00bb header_3_line_height=\u00a0\u00bb1.2em\u00a0\u00bb custom_margin=\u00a0\u00bb||5px||false|false\u00a0\u00bb global_colors_info=\u00a0\u00bb{}\u00a0\u00bb]<\/p>\n<h4>WAT gesund<\/h4>\n<p>[\/et_pb_text][et_pb_text _builder_version=\u00a0\u00bb4.27.4&Prime; _module_preset=\u00a0\u00bbdefault\u00a0\u00bb text_font_size=\u00a0\u00bb18px\u00a0\u00bb text_line_height=\u00a0\u00bb1.5em\u00a0\u00bb custom_margin=\u00a0\u00bb||21px|||\u00a0\u00bb global_colors_info=\u00a0\u00bb{}\u00a0\u00bb]<\/p>\n<p>WAT gesund gGmbH a \u00e9t\u00e9 fond\u00e9e en octobre 2024 par AWO Ruhr-Mitte et OptiMedis pour mettre en \u0153uvre des projets de sant\u00e9 innovants \u00e0 Bochum- Wattenscheid. Le premier projet est un \u00ab kiosque de sant\u00e9 \u00bb financ\u00e9 par la ville de Bochum et AOK NordWest. La ville de Bochum et l&rsquo;AOK NordWest y participent en tant que partenaires.  <\/p>\n<p>[\/et_pb_text][et_pb_image src=\u00a0\u00bbhttps:\/\/optimedis.de\/wp-content\/uploads\/2021\/10\/more_red.svg\u00a0\u00bb title_text=\u00a0\u00bbmore_red\u00a0\u00bb module_class=\u00a0\u00bbdivioverlay-20209&Prime; _builder_version=\u00a0\u00bb4.27.4&Prime; _module_preset=\u00a0\u00bbdefault\u00a0\u00bb positioning=\u00a0\u00bbabsolute\u00a0\u00bb position_origin_a=\u00a0\u00bbbottom_right\u00a0\u00bb vertical_offset=\u00a0\u00bb30px\u00a0\u00bb horizontal_offset=\u00a0\u00bb30px\u00a0\u00bb width=\u00a0\u00bb31px\u00a0\u00bb global_colors_info=\u00a0\u00bb{}\u00a0\u00bb][\/et_pb_image][\/et_pb_column][et_pb_column type=\u00a0\u00bb1_2&Prime; _builder_version=\u00a0\u00bb4.16&Prime; _module_preset=\u00a0\u00bb326732a5-b45a-4fe0-889f-9654d4937924&Prime; global_colors_info=\u00a0\u00bb{}\u00a0\u00bb][et_pb_text module_class=\u00a0\u00bbword-break-mobile\u00a0\u00bb _builder_version=\u00a0\u00bb4.17.3&Prime; _module_preset=\u00a0\u00bbdefault\u00a0\u00bb text_line_height=\u00a0\u00bb1.1em\u00a0\u00bb header_3_font_size=\u00a0\u00bb27px\u00a0\u00bb header_3_line_height=\u00a0\u00bb1.2em\u00a0\u00bb header_4_font_size=\u00a0\u00bb26px\u00a0\u00bb custom_margin=\u00a0\u00bb||5px||false|false\u00a0\u00bb header_3_font_size_phone=\u00a0\u00bb30px\u00a0\u00bb global_colors_info=\u00a0\u00bb{}\u00a0\u00bb]<\/p>\n<h4>Thuringe<\/h4>\n<p>[\/et_pb_text][et_pb_text _builder_version=\u00a0\u00bb4.27.4&Prime; _module_preset=\u00a0\u00bbdefault\u00a0\u00bb text_font_size=\u00a0\u00bb18px\u00a0\u00bb text_line_height=\u00a0\u00bb1.5em\u00a0\u00bb global_colors_info=\u00a0\u00bb{}\u00a0\u00bb]<\/p>\n<p>Le coup d&rsquo;envoi a \u00e9t\u00e9 donn\u00e9 en novembre 2022, lorsque le premier des quatre kiosques de sant\u00e9 a \u00e9t\u00e9 inaugur\u00e9 \u00e0 Urleben par le ministre-pr\u00e9sident de Thuringe, Bodo Ramelow. En de nombreux endroits, les zones rurales sont marqu\u00e9es par des changements structurels et d\u00e9mographiques. C&rsquo;est \u00e9galement le cas de la r\u00e9gion villageoise de Seltenrain en Thuringe.   <\/p>\n<p>[\/et_pb_text][et_pb_image src=\u00a0\u00bbhttps:\/\/optimedis.de\/wp-content\/uploads\/2021\/10\/more_red.svg\u00a0\u00bb title_text=\u00a0\u00bbmore_red\u00a0\u00bb module_class=\u00a0\u00bbdivioverlay-20215&Prime; _builder_version=\u00a0\u00bb4.27.4&Prime; _module_preset=\u00a0\u00bbdefault\u00a0\u00bb positioning=\u00a0\u00bbabsolute\u00a0\u00bb position_origin_a=\u00a0\u00bbbottom_right\u00a0\u00bb vertical_offset=\u00a0\u00bb30px\u00a0\u00bb horizontal_offset=\u00a0\u00bb30px\u00a0\u00bb width=\u00a0\u00bb31px\u00a0\u00bb global_colors_info=\u00a0\u00bb{}\u00a0\u00bb][\/et_pb_image][\/et_pb_column][\/et_pb_row][et_pb_row column_structure=\u00a0\u00bb1_2,1_2&Prime; use_custom_gutter=\u00a0\u00bbon\u00a0\u00bb gutter_width=\u00a0\u00bb2&Prime; make_equal=\u00a0\u00bbon\u00a0\u00bb custom_padding_last_edited=\u00a0\u00bbon|tablet\u00a0\u00bb module_class=\u00a0\u00bbword-break-mobile\u00a0\u00bb _builder_version=\u00a0\u00bb4.17.3&Prime; _module_preset=\u00a0\u00bbe30d4ce4-adac-4b15-977d-a52a8ee64faa\u00a0\u00bb custom_margin_tablet=\u00a0\u00bb0px||30px||false|false\u00a0\u00bb custom_margin_phone=\u00a0\u00bb0px||30px||false|false\u00a0\u00bb custom_margin_last_edited=\u00a0\u00bbon|tablet\u00a0\u00bb custom_padding_tablet=\u00a0\u00bb0px|30px|0px|30px|false|false\u00a0\u00bb custom_padding_phone=\u00a0\u00bb0px|30px|0px|30px|false|false\u00a0\u00bb global_colors_info=\u00a0\u00bb{}\u00a0\u00bb][et_pb_column type=\u00a0\u00bb1_2&Prime; _builder_version=\u00a0\u00bb4.16&Prime; _module_preset=\u00a0\u00bb326732a5-b45a-4fe0-889f-9654d4937924&Prime; global_colors_info=\u00a0\u00bb{}\u00a0\u00bb][et_pb_text _builder_version=\u00a0\u00bb4.27.4&Prime; _module_preset=\u00a0\u00bbdefault\u00a0\u00bb text_line_height=\u00a0\u00bb1.1em\u00a0\u00bb header_3_font_size=\u00a0\u00bb27px\u00a0\u00bb header_3_line_height=\u00a0\u00bb1.2em\u00a0\u00bb custom_margin=\u00a0\u00bb||5px||false|false\u00a0\u00bb global_colors_info=\u00a0\u00bb{}\u00a0\u00bb]<\/p>\n<h4>La soci\u00e9t\u00e9 \u00ab Schwalm-Eder-Kreis+ sain \u00bb<\/h4>\n<p>[\/et_pb_text][et_pb_text _builder_version=\u00a0\u00bb4.27.4&Prime; _module_preset=\u00a0\u00bbdefault\u00a0\u00bb text_font_size=\u00a0\u00bb18px\u00a0\u00bb text_line_height=\u00a0\u00bb1.5em\u00a0\u00bb global_colors_info=\u00a0\u00bb{}\u00a0\u00bb]<\/p>\n<p>La soci\u00e9t\u00e9 \u00ab GesunderSchwalm-Eder-Kreis+ \u00bb est un r\u00e9seau territorial de sant\u00e9 cr\u00e9e par OptiMedis fin 2020. Le mod\u00e8le OptiMedis est mis en \u0153uvre dans le d\u00e9partement de Melsungen en collaboration avec les acteurs locaux de la sant\u00e9, les institutions sociales, les administrations locales et les services publics de sant\u00e9. La base est un contrat entre l\u2019assureur BKK B. Braun Aesculap et la soci\u00e9t\u00e9 \u00ab Gesunder Schwalm-Eder-Kreis+ \u00bb, dont OptiMedis AG est actionnaire.  <\/p>\n<p>[\/et_pb_text][et_pb_image src=\u00a0\u00bbhttps:\/\/optimedis.de\/wp-content\/uploads\/2021\/10\/more_red.svg\u00a0\u00bb title_text=\u00a0\u00bbmore_red\u00a0\u00bb module_class=\u00a0\u00bbdivioverlay-20222&Prime; _builder_version=\u00a0\u00bb4.27.4&Prime; _module_preset=\u00a0\u00bbdefault\u00a0\u00bb positioning=\u00a0\u00bbabsolute\u00a0\u00bb position_origin_a=\u00a0\u00bbbottom_right\u00a0\u00bb vertical_offset=\u00a0\u00bb30px\u00a0\u00bb horizontal_offset=\u00a0\u00bb30px\u00a0\u00bb width=\u00a0\u00bb31px\u00a0\u00bb global_colors_info=\u00a0\u00bb{}\u00a0\u00bb][\/et_pb_image][\/et_pb_column][et_pb_column type=\u00a0\u00bb1_2&Prime; _builder_version=\u00a0\u00bb4.16&Prime; _module_preset=\u00a0\u00bb326732a5-b45a-4fe0-889f-9654d4937924&Prime; global_colors_info=\u00a0\u00bb{}\u00a0\u00bb][et_pb_text _builder_version=\u00a0\u00bb4.27.4&Prime; _module_preset=\u00a0\u00bbdefault\u00a0\u00bb text_line_height=\u00a0\u00bb1.1em\u00a0\u00bb header_3_font_size=\u00a0\u00bb27px\u00a0\u00bb header_3_line_height=\u00a0\u00bb1.2em\u00a0\u00bb custom_margin=\u00a0\u00bb||5px||false|false\u00a0\u00bb global_colors_info=\u00a0\u00bb{}\u00a0\u00bb]<\/p>\n<h4>La soci\u00e9t\u00e9 \u00ab Gesunder Werra-Meissner-Kreis \u00bb<\/h4>\n<p>[\/et_pb_text][et_pb_text _builder_version=\u00a0\u00bb4.27.4&Prime; _module_preset=\u00a0\u00bbdefault\u00a0\u00bb text_font_size=\u00a0\u00bb18px\u00a0\u00bb text_line_height=\u00a0\u00bb1.5em\u00a0\u00bb global_colors_info=\u00a0\u00bb{}\u00a0\u00bb]<\/p>\n<p>Dans la soci\u00e9t\u00e9 \u00ab Gesunder Werra-Messner-Kreis, nous mettons en place depuis d\u00e9but 2019 un r\u00e9seau qui permet une gestion territorial de la sant\u00e9 et des soins et donne aux habitants la chance de promouvoir activement leur sant\u00e9. La soci\u00e9t\u00e9 de gestion territorial \u00ab Gesunder Werra-Mei\u00dfner-Kreis \u00bb fait office d&rsquo;animateur territorial qui organise la mise en r\u00e9seau, promeut les comp\u00e9tences en mati\u00e8re de sant\u00e9 et \u00e9tablit des innovations telles que des guides sant\u00e9 ou des outils num\u00e9riques d&rsquo;aide aux soins. Elle a \u00e9t\u00e9 cr\u00e9\u00e9e par OptiMedis.  <\/p>\n<p>[\/et_pb_text][et_pb_image src=\u00a0\u00bbhttps:\/\/optimedis.de\/wp-content\/uploads\/2021\/10\/more_red.svg\u00a0\u00bb title_text=\u00a0\u00bbmore_red\u00a0\u00bb module_class=\u00a0\u00bbdivioverlay-20227&Prime; _builder_version=\u00a0\u00bb4.27.4&Prime; _module_preset=\u00a0\u00bbdefault\u00a0\u00bb positioning=\u00a0\u00bbabsolute\u00a0\u00bb position_origin_a=\u00a0\u00bbbottom_right\u00a0\u00bb vertical_offset=\u00a0\u00bb30px\u00a0\u00bb horizontal_offset=\u00a0\u00bb30px\u00a0\u00bb width=\u00a0\u00bb31px\u00a0\u00bb global_colors_info=\u00a0\u00bb{}\u00a0\u00bb][\/et_pb_image][\/et_pb_column][\/et_pb_row][et_pb_row column_structure=\u00a0\u00bb1_2,1_2&Prime; use_custom_gutter=\u00a0\u00bbon\u00a0\u00bb gutter_width=\u00a0\u00bb2&Prime; make_equal=\u00a0\u00bbon\u00a0\u00bb custom_padding_last_edited=\u00a0\u00bbon|tablet\u00a0\u00bb module_class=\u00a0\u00bbword-break-mobile\u00a0\u00bb _builder_version=\u00a0\u00bb4.17.3&Prime; _module_preset=\u00a0\u00bbe30d4ce4-adac-4b15-977d-a52a8ee64faa\u00a0\u00bb custom_margin_tablet=\u00a0\u00bb0px||30px||false|false\u00a0\u00bb custom_margin_phone=\u00a0\u00bb0px||30px||false|false\u00a0\u00bb custom_margin_last_edited=\u00a0\u00bbon|tablet\u00a0\u00bb custom_padding_tablet=\u00a0\u00bb0px|30px|0px|30px|false|false\u00a0\u00bb custom_padding_phone=\u00a0\u00bb0px|30px|0px|30px|false|false\u00a0\u00bb locked=\u00a0\u00bboff\u00a0\u00bb global_colors_info=\u00a0\u00bb{}\u00a0\u00bb][et_pb_column type=\u00a0\u00bb1_2&Prime; _builder_version=\u00a0\u00bb4.16&Prime; _module_preset=\u00a0\u00bb326732a5-b45a-4fe0-889f-9654d4937924&Prime; global_colors_info=\u00a0\u00bb{}\u00a0\u00bb][et_pb_text _builder_version=\u00a0\u00bb4.27.4&Prime; _module_preset=\u00a0\u00bbdefault\u00a0\u00bb text_line_height=\u00a0\u00bb1.1em\u00a0\u00bb header_3_font_size=\u00a0\u00bb27px\u00a0\u00bb header_3_line_height=\u00a0\u00bb1.2em\u00a0\u00bb custom_margin=\u00a0\u00bb||5px||false|false\u00a0\u00bb global_colors_info=\u00a0\u00bb{}\u00a0\u00bb]<\/p>\n<h4>Sant\u00e9 pour Billstedt\/Horn<\/h4>\n<p>[\/et_pb_text][et_pb_text _builder_version=\u00a0\u00bb4.27.4&Prime; _module_preset=\u00a0\u00bbdefault\u00a0\u00bb text_font_size=\u00a0\u00bb18px\u00a0\u00bb text_line_height=\u00a0\u00bb1.5em\u00a0\u00bb global_colors_info=\u00a0\u00bb{}\u00a0\u00bb]<\/p>\n<p>L&rsquo;id\u00e9e de \u00ab Gesundheit f\u00fcr Billstedt\/Horn \u00bb (La sant\u00e9 pour Billstedt\/Horn) est n\u00e9e en 2012, lorsque les m\u00e9decins hambourgeois Dr Dirk Heinrich et Dr Joachim Weiss ont approch\u00e9 le Dr h. c. Helmut Hildebrandt de la soci\u00e9t\u00e9 OptiMedis AG avec un premier concept visant \u00e0 mettre en place de meilleures structures pour les soins m\u00e9dicaux dans les deux quartiers de Billstedt et Horn. <\/p>\n<p>[\/et_pb_text][et_pb_image src=\u00a0\u00bbhttps:\/\/optimedis.de\/wp-content\/uploads\/2021\/10\/more_red.svg\u00a0\u00bb title_text=\u00a0\u00bbmore_red\u00a0\u00bb module_class=\u00a0\u00bbdivioverlay-20231&Prime; _builder_version=\u00a0\u00bb4.27.4&Prime; _module_preset=\u00a0\u00bbdefault\u00a0\u00bb positioning=\u00a0\u00bbabsolute\u00a0\u00bb position_origin_a=\u00a0\u00bbbottom_right\u00a0\u00bb vertical_offset=\u00a0\u00bb30px\u00a0\u00bb horizontal_offset=\u00a0\u00bb30px\u00a0\u00bb width=\u00a0\u00bb31px\u00a0\u00bb global_colors_info=\u00a0\u00bb{}\u00a0\u00bb][\/et_pb_image][\/et_pb_column][et_pb_column type=\u00a0\u00bb1_2&Prime; _builder_version=\u00a0\u00bb4.16&Prime; _module_preset=\u00a0\u00bb326732a5-b45a-4fe0-889f-9654d4937924&Prime; global_colors_info=\u00a0\u00bb{}\u00a0\u00bb][et_pb_text _builder_version=\u00a0\u00bb4.27.4&Prime; _module_preset=\u00a0\u00bbdefault\u00a0\u00bb text_line_height=\u00a0\u00bb1.1em\u00a0\u00bb header_3_font_size=\u00a0\u00bb27px\u00a0\u00bb header_3_line_height=\u00a0\u00bb1.2em\u00a0\u00bb custom_margin=\u00a0\u00bb||5px||false|false\u00a0\u00bb global_colors_info=\u00a0\u00bb{}\u00a0\u00bb]<\/p>\n<h4>La soci\u00e9t\u00e9 \u00ab Gesundes <br \/>Kinzigtal \u00bb<\/h4>\n<p>[\/et_pb_text][et_pb_text _builder_version=\u00a0\u00bb4.27.4&Prime; _module_preset=\u00a0\u00bbdefault\u00a0\u00bb text_font_size=\u00a0\u00bb18px\u00a0\u00bb text_line_height=\u00a0\u00bb1.5em\u00a0\u00bb global_colors_info=\u00a0\u00bb{}\u00a0\u00bb]<\/p>\n<p>La soci\u00e9t\u00e9 \u00ab Gesundes Kinzigtal GmbH \u00bb a \u00e9t\u00e9 fond\u00e9e en 2005 par le r\u00e9seau de qualit\u00e9 m\u00e9dicale &#8211; Initiative des m\u00e9decins de Kinzigtal (MQNK) et OptiMedis et est depuis longtemps consid\u00e9r\u00e9e comme une meilleure pratique internationale pour les soins int\u00e9gr\u00e9s orient\u00e9s vers la population. <\/p>\n<p>[\/et_pb_text][et_pb_image src=\u00a0\u00bbhttps:\/\/optimedis.de\/wp-content\/uploads\/2021\/10\/more_red.svg\u00a0\u00bb title_text=\u00a0\u00bbmore_red\u00a0\u00bb module_class=\u00a0\u00bbdivioverlay-20236&Prime; _builder_version=\u00a0\u00bb4.27.4&Prime; _module_preset=\u00a0\u00bbdefault\u00a0\u00bb positioning=\u00a0\u00bbabsolute\u00a0\u00bb position_origin_a=\u00a0\u00bbbottom_right\u00a0\u00bb vertical_offset=\u00a0\u00bb30px\u00a0\u00bb horizontal_offset=\u00a0\u00bb30px\u00a0\u00bb width=\u00a0\u00bb31px\u00a0\u00bb global_colors_info=\u00a0\u00bb{}\u00a0\u00bb][\/et_pb_image][\/et_pb_column][\/et_pb_row][\/et_pb_section][et_pb_section fb_built=\u00a0\u00bb1&Prime; disabled_on=\u00a0\u00bboff|off|off\u00a0\u00bb admin_label=\u00a0\u00bbProdukte\u00a0\u00bb module_id=\u00a0\u00bbproduit\u00a0\u00bb _builder_version=\u00a0\u00bb4.27.4&Prime; _module_preset=\u00a0\u00bbdefault\u00a0\u00bb global_colors_info=\u00a0\u00bb{}\u00a0\u00bb][et_pb_row admin_label=\u00a0\u00bbintrotext\u00a0\u00bb _builder_version=\u00a0\u00bb4.16&Prime; _module_preset=\u00a0\u00bbdefault\u00a0\u00bb custom_padding=\u00a0\u00bb12px|30px|3px|30px|false|true\u00a0\u00bb global_colors_info=\u00a0\u00bb{}\u00a0\u00bb][et_pb_column type=\u00a0\u00bb4_4&Prime; _builder_version=\u00a0\u00bb4.16&Prime; _module_preset=\u00a0\u00bbdefault\u00a0\u00bb global_colors_info=\u00a0\u00bb{}\u00a0\u00bb][et_pb_text _builder_version=\u00a0\u00bb4.17.3&Prime; _module_preset=\u00a0\u00bbdefault\u00a0\u00bb text_font=\u00a0\u00bbEuclidCircularB-Medium||||||||\u00a0\u00bb text_text_color=\u00a0\u00bb#8F8D92&Prime; text_font_size=\u00a0\u00bb40px\u00a0\u00bb text_line_height=\u00a0\u00bb1.2em\u00a0\u00bb header_text_color=\u00a0\u00bb#2D4259&Prime; custom_margin=\u00a0\u00bb||0px||false|false\u00a0\u00bb global_colors_info=\u00a0\u00bb{}\u00a0\u00bb]<\/p>\n<h2>Direction des r\u00e9seaux de sant\u00e9<\/h2>\n<p>[\/et_pb_text][\/et_pb_column][\/et_pb_row][et_pb_row column_structure=\u00a0\u00bb1_3,2_3&Prime; use_custom_gutter=\u00a0\u00bbon\u00a0\u00bb gutter_width=\u00a0\u00bb1&Prime; make_equal=\u00a0\u00bbon\u00a0\u00bb admin_label=\u00a0\u00bbdigilo\u00a0\u00bb _builder_version=\u00a0\u00bb4.16&Prime; _module_preset=\u00a0\u00bbdefault\u00a0\u00bb custom_padding=\u00a0\u00bb17px|30px|17px|30px|false|true\u00a0\u00bb locked=\u00a0\u00bboff\u00a0\u00bb global_colors_info=\u00a0\u00bb{}\u00a0\u00bb][et_pb_column type=\u00a0\u00bb1_3&Prime; _builder_version=\u00a0\u00bb4.16&Prime; _module_preset=\u00a0\u00bbdefault\u00a0\u00bb z_index=\u00a0\u00bb20&Prime; custom_padding=\u00a0\u00bb||45px||false|false\u00a0\u00bb global_colors_info=\u00a0\u00bb{}\u00a0\u00bb][et_pb_image src=\u00a0\u00bbhttps:\/\/optimedis.de\/wp-content\/uploads\/2024\/11\/Netzwerkkongress2024-scaled-1.jpg\u00a0\u00bb title_text=\u00a0\u00bbCongr\u00e8s du r\u00e9seau2024-scaled\u00a0\u00bb force_fullwidth=\u00a0\u00bbon\u00a0\u00bb _builder_version=\u00a0\u00bb4.27.4&Prime; _module_preset=\u00a0\u00bbdefault\u00a0\u00bb positioning=\u00a0\u00bbrelative\u00a0\u00bb z_index=\u00a0\u00bb5&Prime; global_colors_info=\u00a0\u00bb{}\u00a0\u00bb][\/et_pb_image][\/et_pb_column][et_pb_column type=\u00a0\u00bb2_3&Prime; _builder_version=\u00a0\u00bb4.16&Prime; _module_preset=\u00a0\u00bbdefault\u00a0\u00bb custom_padding=\u00a0\u00bb||||false|false\u00a0\u00bb global_colors_info=\u00a0\u00bb{}\u00a0\u00bb][et_pb_text _builder_version=\u00a0\u00bb4.27.4&Prime; _module_preset=\u00a0\u00bbdefault\u00a0\u00bb header_2_text_align=\u00a0\u00bbleft\u00a0\u00bb header_2_text_color=\u00a0\u00bb#EC6961&Prime; header_2_font_size=\u00a0\u00bb36px\u00a0\u00bb header_3_text_align=\u00a0\u00bbleft\u00a0\u00bb header_3_text_color=\u00a0\u00bb#EC6961&Prime; vertical_offset=\u00a0\u00bb46px\u00a0\u00bb horizontal_offset=\u00a0\u00bb337px\u00a0\u00bb z_index=\u00a0\u00bb99&Prime; custom_padding=\u00a0\u00bb30px|||30px|false|false\u00a0\u00bb global_colors_info=\u00a0\u00bb{}\u00a0\u00bb]<\/p>\n<h3>R\u00e9seaux Parkinson en Allemagne<\/h3>\n<p>[\/et_pb_text][et_pb_text module_class=\u00a0\u00bbword-break-mobile\u00a0\u00bb _builder_version=\u00a0\u00bb4.27.4&Prime; _module_preset=\u00a0\u00bbdefault\u00a0\u00bb text_font_size=\u00a0\u00bb18px\u00a0\u00bb text_line_height=\u00a0\u00bb1.5em\u00a0\u00bb background_color=\u00a0\u00bb#dddddf\u00a0\u00bb position_origin_a=\u00a0\u00bbbottom_right\u00a0\u00bb vertical_offset=\u00a0\u00bb-19px\u00a0\u00bb z_index=\u00a0\u00bb0&Prime; width=\u00a0\u00bb100%\u00a0\u00bb custom_padding=\u00a0\u00bb25px|20px|23px|30px|false|false\u00a0\u00bb custom_css_before=\u00a0\u00bbcontent:%22%22; background:#dddddf; position:absolute; top: 0; display:block; width:65px; height:100%; transform: translate(-100%,0);\u00a0\u00bb global_colors_info=\u00a0\u00bb{}\u00a0\u00bb]<\/p>\n<p>L&rsquo;association \u00ab Parkinson Netzwerke Deutschland e.V. \u00bb a \u00e9t\u00e9 cr\u00e9\u00e9e en avril 2023 en tant qu&rsquo;organisation fa\u00eeti\u00e8re au sein de laquelle les quelque 15 r\u00e9seaux allemands existants sur la maladie de Parkinson peuvent agir ensemble et de mani\u00e8re suprar\u00e9gionale. La direction est depuis lors assur\u00e9e par OptiMedis. Les r\u00e9seaux Parkinson mettent en commun leurs comp\u00e9tences et leurs connaissances et d\u00e9veloppent collectivement les soins aux patients atteints de la maladie de Parkinson &#8211; avec une vue d&rsquo;ensemble nationale. Aujourd&rsquo;hui, l&rsquo;accent est mis sur la professionnalisation et la mise \u00e0 l&rsquo;\u00e9chelle du travail en r\u00e9seau.   <\/p>\n<p><a href=\"https:\/\/www.parkinsonnetzwerke.de\/\">Vers le site web<\/a><\/p>\n<p>[\/et_pb_text][\/et_pb_column][\/et_pb_row][et_pb_row column_structure=\u00a0\u00bb1_3,2_3&Prime; use_custom_gutter=\u00a0\u00bbon\u00a0\u00bb gutter_width=\u00a0\u00bb1&Prime; make_equal=\u00a0\u00bbon\u00a0\u00bb admin_label=\u00a0\u00bbdigilo\u00a0\u00bb _builder_version=\u00a0\u00bb4.27.4&Prime; _module_preset=\u00a0\u00bbdefault\u00a0\u00bb custom_padding=\u00a0\u00bb50px|30px|17px|30px|false|true\u00a0\u00bb locked=\u00a0\u00bboff\u00a0\u00bb global_colors_info=\u00a0\u00bb{}\u00a0\u00bb][et_pb_column type=\u00a0\u00bb1_3&Prime; _builder_version=\u00a0\u00bb4.16&Prime; _module_preset=\u00a0\u00bbdefault\u00a0\u00bb z_index=\u00a0\u00bb20&Prime; custom_padding=\u00a0\u00bb||45px||false|false\u00a0\u00bb global_colors_info=\u00a0\u00bb{}\u00a0\u00bb][et_pb_image src=\u00a0\u00bbhttps:\/\/optimedis.de\/wp-content\/uploads\/2025\/01\/AdobeStock_532545033-2.jpeg\u00a0\u00bb title_text=\u00a0\u00bbAdobeStock_532545033 (2)\u00a0\u00bb force_fullwidth=\u00a0\u00bbon\u00a0\u00bb _builder_version=\u00a0\u00bb4.27.4&Prime; _module_preset=\u00a0\u00bbdefault\u00a0\u00bb positioning=\u00a0\u00bbrelative\u00a0\u00bb z_index=\u00a0\u00bb5&Prime; global_colors_info=\u00a0\u00bb{}\u00a0\u00bb][\/et_pb_image][\/et_pb_column][et_pb_column type=\u00a0\u00bb2_3&Prime; _builder_version=\u00a0\u00bb4.16&Prime; _module_preset=\u00a0\u00bbdefault\u00a0\u00bb custom_padding=\u00a0\u00bb||||false|false\u00a0\u00bb global_colors_info=\u00a0\u00bb{}\u00a0\u00bb][et_pb_text _builder_version=\u00a0\u00bb4.27.4&Prime; _module_preset=\u00a0\u00bbdefault\u00a0\u00bb header_2_text_align=\u00a0\u00bbleft\u00a0\u00bb header_2_text_color=\u00a0\u00bb#EC6961&Prime; header_2_font_size=\u00a0\u00bb36px\u00a0\u00bb header_3_text_align=\u00a0\u00bbleft\u00a0\u00bb header_3_text_color=\u00a0\u00bb#EC6961&Prime; vertical_offset=\u00a0\u00bb46px\u00a0\u00bb horizontal_offset=\u00a0\u00bb337px\u00a0\u00bb z_index=\u00a0\u00bb99&Prime; width=\u00a0\u00bb100%\u00a0\u00bb custom_padding=\u00a0\u00bb30px|14px||30px|false|false\u00a0\u00bb global_colors_info=\u00a0\u00bb{}\u00a0\u00bb]<\/p>\n<h3><span style=\"color: #86a59a; font-size: xx-large;\">HPH &#8211; R\u00e9seau international des h\u00f4pitaux promoteurs de sant\u00e9<\/span><\/h3>\n<p>[\/et_pb_text][et_pb_text module_class=\u00a0\u00bbword-break-mobile\u00a0\u00bb _builder_version=\u00a0\u00bb4.27.4&Prime; _module_preset=\u00a0\u00bbdefault\u00a0\u00bb text_font_size=\u00a0\u00bb18px\u00a0\u00bb text_line_height=\u00a0\u00bb1.5em\u00a0\u00bb background_color=\u00a0\u00bb#dddddf\u00a0\u00bb position_origin_a=\u00a0\u00bbbottom_right\u00a0\u00bb vertical_offset=\u00a0\u00bb-19px\u00a0\u00bb z_index=\u00a0\u00bb0&Prime; width=\u00a0\u00bb100%\u00a0\u00bb custom_padding=\u00a0\u00bb25px|20px|23px|30px|false|false\u00a0\u00bb custom_css_before=\u00a0\u00bbcontent:%22%22; background:#dddddf; position:absolute; top: 0; display:block; width:65px; height:100%; transform: translate(-100%,0);\u00a0\u00bb global_colors_info=\u00a0\u00bb{}\u00a0\u00bb]<\/p>\n<p>Depuis 2019, OptiMedis dirige le \u00ab R\u00e9seau international des h\u00f4pitaux et services de sant\u00e9 promoteurs de sant\u00e9 (HPH) \u00bb. Depuis le d\u00e9but des ann\u00e9es 1990, HPH soutient les h\u00f4pitaux dans l&rsquo;introduction de concepts de promotion de la sant\u00e9, tant pour les patients que pour le personnel et des r\u00e9gions enti\u00e8res. La coop\u00e9ration internationale a donn\u00e9 naissance \u00e0 de nombreux r\u00e9seaux \u00e0 travers l&rsquo;Europe, regroupant des h\u00f4pitaux, des centres de r\u00e9\u00e9ducation et de soins au niveau national ou territorial. Aujourd&rsquo;hui, HPH, qui continue de b\u00e9n\u00e9ficier du soutien de l&rsquo;OMS, compte plus de 600 \u00e9tablissements membres dans 19 pays.   <\/p>\n<p><a href=\"https:\/\/www.hphnet.org\/wp-content\/uploads\/2022\/01\/HPH_Brochure_2021-November.pdf\">Voir la brochure.<\/a><br \/><a href=\"https:\/\/www.hphnet.org\/\">Voir le site web.<\/a><\/p>\n<p>&nbsp;<\/p>\n<p>[\/et_pb_text][\/et_pb_column][\/et_pb_row][\/et_pb_section][et_pb_section fb_built=\u00a0\u00bb1&Prime; disabled_on=\u00a0\u00bboff|off|off\u00a0\u00bb admin_label=\u00a0\u00bbProdukte\u00a0\u00bb module_id=\u00a0\u00bbproduit\u00a0\u00bb _builder_version=\u00a0\u00bb4.27.4&Prime; _module_preset=\u00a0\u00bbdefault\u00a0\u00bb global_colors_info=\u00a0\u00bb{}\u00a0\u00bb][et_pb_row admin_label=\u00a0\u00bbintrotext\u00a0\u00bb _builder_version=\u00a0\u00bb4.16&Prime; _module_preset=\u00a0\u00bbdefault\u00a0\u00bb custom_padding=\u00a0\u00bb12px|30px|3px|30px|false|true\u00a0\u00bb global_colors_info=\u00a0\u00bb{}\u00a0\u00bb][et_pb_column type=\u00a0\u00bb4_4&Prime; _builder_version=\u00a0\u00bb4.16&Prime; _module_preset=\u00a0\u00bbdefault\u00a0\u00bb global_colors_info=\u00a0\u00bb{}\u00a0\u00bb][et_pb_text _builder_version=\u00a0\u00bb4.17.3&Prime; _module_preset=\u00a0\u00bbdefault\u00a0\u00bb text_font=\u00a0\u00bbEuclidCircularB-Medium||||||||\u00a0\u00bb text_text_color=\u00a0\u00bb#8F8D92&Prime; text_font_size=\u00a0\u00bb40px\u00a0\u00bb text_line_height=\u00a0\u00bb1.2em\u00a0\u00bb header_text_color=\u00a0\u00bb#2D4259&Prime; custom_margin=\u00a0\u00bb||0px||false|false\u00a0\u00bb global_colors_info=\u00a0\u00bb{}\u00a0\u00bb]<\/p>\n<h2>ACTIVIT\u00c9S INTERNATIONALES<\/h2>\n<p>[\/et_pb_text][\/et_pb_column][\/et_pb_row][et_pb_row column_structure=\u00a0\u00bb1_3,2_3&Prime; use_custom_gutter=\u00a0\u00bbon\u00a0\u00bb gutter_width=\u00a0\u00bb1&Prime; make_equal=\u00a0\u00bbon\u00a0\u00bb admin_label=\u00a0\u00bbdigilo\u00a0\u00bb _builder_version=\u00a0\u00bb4.27.4&Prime; _module_preset=\u00a0\u00bbdefault\u00a0\u00bb custom_padding=\u00a0\u00bb17px|30px|17px|30px|false|true\u00a0\u00bb locked=\u00a0\u00bboff\u00a0\u00bb global_colors_info=\u00a0\u00bb{}\u00a0\u00bb][et_pb_column type=\u00a0\u00bb1_3&Prime; _builder_version=\u00a0\u00bb4.16&Prime; _module_preset=\u00a0\u00bbdefault\u00a0\u00bb z_index=\u00a0\u00bb20&Prime; custom_padding=\u00a0\u00bb||45px||false|false\u00a0\u00bb global_colors_info=\u00a0\u00bb{}\u00a0\u00bb][et_pb_image src=\u00a0\u00bbhttps:\/\/optimedis.de\/wp-content\/uploads\/2024\/12\/AdobeStock_1063259687-scaled.jpeg\u00a0\u00bb title_text=\u00a0\u00bbHomme d&#039;affaires dans un bureau moderne utilisant un ordinateur portable\u00a0\u00bb force_fullwidth=\u00a0\u00bbon\u00a0\u00bb _builder_version=\u00a0\u00bb4.27.4&Prime; _module_preset=\u00a0\u00bbdefault\u00a0\u00bb positioning=\u00a0\u00bbrelative\u00a0\u00bb z_index=\u00a0\u00bb5&Prime; global_colors_info=\u00a0\u00bb{}\u00a0\u00bb][\/et_pb_image][\/et_pb_column][et_pb_column type=\u00a0\u00bb2_3&Prime; _builder_version=\u00a0\u00bb4.16&Prime; _module_preset=\u00a0\u00bbdefault\u00a0\u00bb custom_padding=\u00a0\u00bb||||false|false\u00a0\u00bb global_colors_info=\u00a0\u00bb{}\u00a0\u00bb][et_pb_text _builder_version=\u00a0\u00bb4.27.4&Prime; _module_preset=\u00a0\u00bbdefault\u00a0\u00bb header_2_text_align=\u00a0\u00bbleft\u00a0\u00bb header_2_text_color=\u00a0\u00bb#EC6961&Prime; header_2_font_size=\u00a0\u00bb36px\u00a0\u00bb header_3_text_align=\u00a0\u00bbleft\u00a0\u00bb header_3_text_color=\u00a0\u00bb#EC6961&Prime; vertical_offset=\u00a0\u00bb46px\u00a0\u00bb horizontal_offset=\u00a0\u00bb337px\u00a0\u00bb z_index=\u00a0\u00bb99&Prime; custom_padding=\u00a0\u00bb30px|||30px|false|false\u00a0\u00bb global_colors_info=\u00a0\u00bb{}\u00a0\u00bb]<\/p>\n<h3>Soins ax\u00e9s sur la population pour la Communaut\u00e9 germanophone de Belgique<\/h3>\n<p>[\/et_pb_text][et_pb_text module_class=\u00a0\u00bbword-break-mobile\u00a0\u00bb _builder_version=\u00a0\u00bb4.27.4&Prime; _module_preset=\u00a0\u00bbdefault\u00a0\u00bb text_font_size=\u00a0\u00bb18px\u00a0\u00bb text_line_height=\u00a0\u00bb1.5em\u00a0\u00bb background_color=\u00a0\u00bb#dddddf\u00a0\u00bb position_origin_a=\u00a0\u00bbbottom_right\u00a0\u00bb vertical_offset=\u00a0\u00bb-19px\u00a0\u00bb z_index=\u00a0\u00bb0&Prime; width=\u00a0\u00bb100%\u00a0\u00bb custom_padding=\u00a0\u00bb25px|20px|23px|30px|false|false\u00a0\u00bb custom_css_before=\u00a0\u00bbcontent:%22%22; background:#dddddf; position:absolute; top: 0; display:block; width:65px; height:100%; transform: translate(-100%,0);\u00a0\u00bb global_colors_info=\u00a0\u00bb{}\u00a0\u00bb]<\/p>\n<p>Comment est-il possible de mettre en \u0153uvre des soins int\u00e9gr\u00e9s populationnelle durables pour la communaut\u00e9 germanophone de Belgique ? Pour r\u00e9pondre \u00e0 cette question, OptiMedis a r\u00e9alis\u00e9 une \u00e9tude de faisabilit\u00e9 pour le \u00ab Dienststelle f\u00fcr Selbstbestimmtes Leben (DSL) \u00bb. Sur cette base, un concept pour la cr\u00e9ation d&rsquo;une soci\u00e9t\u00e9 de gestion des soins int\u00e9gr\u00e9s sera \u00e9labor\u00e9, avec un plan d&rsquo;affaires initial pour la mise en \u0153uvre. De plus amples informations suivront.    <\/p>\n<p>[\/et_pb_text][\/et_pb_column][\/et_pb_row][et_pb_row column_structure=\u00a0\u00bb1_3,2_3&Prime; use_custom_gutter=\u00a0\u00bbon\u00a0\u00bb gutter_width=\u00a0\u00bb1&Prime; make_equal=\u00a0\u00bbon\u00a0\u00bb admin_label=\u00a0\u00bbdigilo\u00a0\u00bb _builder_version=\u00a0\u00bb4.27.4&Prime; _module_preset=\u00a0\u00bbdefault\u00a0\u00bb custom_padding=\u00a0\u00bb50px|30px|17px|30px|false|true\u00a0\u00bb locked=\u00a0\u00bboff\u00a0\u00bb global_colors_info=\u00a0\u00bb{}\u00a0\u00bb][et_pb_column type=\u00a0\u00bb1_3&Prime; _builder_version=\u00a0\u00bb4.16&Prime; _module_preset=\u00a0\u00bbdefault\u00a0\u00bb z_index=\u00a0\u00bb20&Prime; custom_padding=\u00a0\u00bb||45px||false|false\u00a0\u00bb global_colors_info=\u00a0\u00bb{}\u00a0\u00bb][et_pb_image src=\u00a0\u00bbhttps:\/\/optimedis.de\/wp-content\/uploads\/2025\/01\/Foto_1194491486_iStock_urbazon.jpg\u00a0\u00bb title_text=\u00a0\u00bbFoto_1194491486_iStock_urbazon\u00a0\u00bb force_fullwidth=\u00a0\u00bbon\u00a0\u00bb _builder_version=\u00a0\u00bb4.27.4&Prime; _module_preset=\u00a0\u00bbdefault\u00a0\u00bb positioning=\u00a0\u00bbrelative\u00a0\u00bb z_index=\u00a0\u00bb5&Prime; global_colors_info=\u00a0\u00bb{}\u00a0\u00bb][\/et_pb_image][\/et_pb_column][et_pb_column type=\u00a0\u00bb2_3&Prime; _builder_version=\u00a0\u00bb4.16&Prime; _module_preset=\u00a0\u00bbdefault\u00a0\u00bb custom_padding=\u00a0\u00bb||||false|false\u00a0\u00bb global_colors_info=\u00a0\u00bb{}\u00a0\u00bb][et_pb_text _builder_version=\u00a0\u00bb4.27.4&Prime; _module_preset=\u00a0\u00bbdefault\u00a0\u00bb header_2_text_align=\u00a0\u00bbleft\u00a0\u00bb header_2_text_color=\u00a0\u00bb#EC6961&Prime; header_2_font_size=\u00a0\u00bb36px\u00a0\u00bb header_3_text_align=\u00a0\u00bbleft\u00a0\u00bb header_3_text_color=\u00a0\u00bb#EC6961&Prime; vertical_offset=\u00a0\u00bb46px\u00a0\u00bb horizontal_offset=\u00a0\u00bb337px\u00a0\u00bb z_index=\u00a0\u00bb99&Prime; custom_padding=\u00a0\u00bb30px|||30px|false|false\u00a0\u00bb global_colors_info=\u00a0\u00bb{}\u00a0\u00bb]<\/p>\n<h3><span style=\"color: #86a59a;\">Strasbourg : \u00ab\u00a0La sant\u00e9 en action, un objectif commun\u00a0\u00bb.<\/span><\/h3>\n<p>[\/et_pb_text][et_pb_text module_class=\u00a0\u00bbword-break-mobile\u00a0\u00bb _builder_version=\u00a0\u00bb4.27.4&Prime; _module_preset=\u00a0\u00bbdefault\u00a0\u00bb text_font_size=\u00a0\u00bb18px\u00a0\u00bb text_line_height=\u00a0\u00bb1.5em\u00a0\u00bb background_color=\u00a0\u00bb#dddddf\u00a0\u00bb position_origin_a=\u00a0\u00bbbottom_right\u00a0\u00bb vertical_offset=\u00a0\u00bb-19px\u00a0\u00bb z_index=\u00a0\u00bb0&Prime; width=\u00a0\u00bb100%\u00a0\u00bb custom_padding=\u00a0\u00bb25px|20px|23px|30px|false|false\u00a0\u00bb custom_css_before=\u00a0\u00bbcontent:%22%22; background:#dddddf; position:absolute; top: 0; display:block; width:65px; height:100%; transform: translate(-100%,0);\u00a0\u00bb global_colors_info=\u00a0\u00bb{}\u00a0\u00bb]<\/p>\n<p>Appuyer par OptiMedis, la ville et l&rsquo;Eurom\u00e9tropole de Strasbourg a remport\u00e9 le concours national d&rsquo;innovation \u00ab\u00a0Territoires d&rsquo;Innovation\u00a0\u00bb du gouvernement fran\u00e7ais pour un projet d&rsquo;envergure visant \u00e0 am\u00e9liorer la pr\u00e9vention et les soins dans la r\u00e9gion. Le projet global \u00ab\u00a0Territoire de Sant\u00e9 de Demain, TSD\u00a0\u00bb vise \u00e0 promouvoir des actions de sant\u00e9 innovantes et participatives dans les communes participantes. Sous l&rsquo;\u00e9gide de la maison sport sant\u00e9 de Strasbourg, le TSD et ses partenaires ont d\u00e9velopp\u00e9 diff\u00e9rentes actions visant \u00e0 am\u00e9liorer les d\u00e9terminants de la sant\u00e9 de la population locale, \u00e0 trouver des solutions innovantes pour am\u00e9liorer les soins de sant\u00e9 et \u00e0 d\u00e9velopper des strat\u00e9gies de soins int\u00e9gr\u00e9s pour les patients \u00e0 risque.  <\/p>\n<p><a href=\"https:\/\/optimedis.de\/aktuelles\/1036-strassburg-von-optimedis-konzipiertes-versorgungsmodell-ueberzeugt-im-innovations-wettbewerb-der-franzoesischen-regierung\">En savoir plus.<\/a><\/p>\n<p>[\/et_pb_text][\/et_pb_column][\/et_pb_row][\/et_pb_section][et_pb_section fb_built=\u00a0\u00bb1&Prime; admin_label=\u00a0\u00bbkontakt\u00a0\u00bb module_id=\u00a0\u00bbcontact\u00a0\u00bb _builder_version=\u00a0\u00bb4.27.4&Prime; _module_preset=\u00a0\u00bbdefault\u00a0\u00bb background_color=\u00a0\u00bbrgba(172,191,202,0.18)\u00a0\u00bb custom_padding=\u00a0\u00bb||14px||false|false\u00a0\u00bb locked=\u00a0\u00bboff\u00a0\u00bb global_colors_info=\u00a0\u00bb{}\u00a0\u00bb][et_pb_row _builder_version=\u00a0\u00bb4.16&Prime; _module_preset=\u00a0\u00bbdefault\u00a0\u00bb custom_padding=\u00a0\u00bb7px|30px|14px|30px|false|true\u00a0\u00bb global_colors_info=\u00a0\u00bb{}\u00a0\u00bb][et_pb_column type=\u00a0\u00bb4_4&Prime; _builder_version=\u00a0\u00bb4.16&Prime; _module_preset=\u00a0\u00bbdefault\u00a0\u00bb global_colors_info=\u00a0\u00bb{}\u00a0\u00bb][et_pb_text _builder_version=\u00a0\u00bb4.17.3&Prime; _module_preset=\u00a0\u00bbdefault\u00a0\u00bb header_text_align=\u00a0\u00bbcenter\u00a0\u00bb header_text_color=\u00a0\u00bb#8F8D92&Prime; header_2_text_align=\u00a0\u00bbcenter\u00a0\u00bb header_2_text_color=\u00a0\u00bb#8F8D92&Prime; header_3_text_color=\u00a0\u00bb#8F8D92&Prime; background_color=\u00a0\u00bbRGBA(255,255,255,0)\u00a0\u00bb global_colors_info=\u00a0\u00bb{}\u00a0\u00bb]<\/p>\n<h2>Contact<\/h2>\n<p>[\/et_pb_text][\/et_pb_column][\/et_pb_row][et_pb_row column_structure=\u00a0\u00bb2_5,3_5&Prime; use_custom_gutter=\u00a0\u00bbon\u00a0\u00bb gutter_width=\u00a0\u00bb1&Prime; make_equal=\u00a0\u00bbon\u00a0\u00bb _builder_version=\u00a0\u00bb4.17.3&Prime; _module_preset=\u00a0\u00bbe30d4ce4-adac-4b15-977d-a52a8ee64faa\u00a0\u00bb max_width=\u00a0\u00bb980px\u00a0\u00bb custom_padding=\u00a0\u00bb30px|30px||30px|false|false\u00a0\u00bb global_colors_info=\u00a0\u00bb{}\u00a0\u00bb][et_pb_column type=\u00a0\u00bb2_5&Prime; _builder_version=\u00a0\u00bb4.17.3&Prime; _module_preset=\u00a0\u00bbdefault\u00a0\u00bb background_color=\u00a0\u00bbrgba(143,142,147,0.2)\u00a0\u00bb background_image=\u00a0\u00bbhttps:\/\/optimedis.de\/wp-content\/uploads\/2019\/06\/Helmut_05.jpg\u00a0\u00bb global_colors_info=\u00a0\u00bb{}\u00a0\u00bb][\/et_pb_column][et_pb_column type=\u00a0\u00bb3_5&Prime; _builder_version=\u00a0\u00bb4.16&Prime; _module_preset=\u00a0\u00bbdefault\u00a0\u00bb background_color=\u00a0\u00bbrgba(143,142,147,0.2)\u00a0\u00bb custom_padding=\u00a0\u00bb30px|20px|30px|11%|true|false\u00a0\u00bb global_colors_info=\u00a0\u00bb{}\u00a0\u00bb][et_pb_text _builder_version=\u00a0\u00bb4.17.3&Prime; _module_preset=\u00a0\u00bbdefault\u00a0\u00bb header_2_text_color=\u00a0\u00bb#EC6961&Prime; header_4_text_color=\u00a0\u00bb#EC6961&Prime; global_colors_info=\u00a0\u00bb{}\u00a0\u00bb]<\/p>\n<h4>Le Dr. h.c. Helmut Hildebrandt<\/h4>\n<p>[\/et_pb_text][et_pb_text _builder_version=\u00a0\u00bb4.27.4&Prime; _module_preset=\u00a0\u00bbdefault\u00a0\u00bb text_font=\u00a0\u00bbEuclidCircularB-Bold||||||||\u00a0\u00bb text_text_color=\u00a0\u00bb#2D4259&Prime; header_6_text_color=\u00a0\u00bb#2D4259&Prime; custom_margin=\u00a0\u00bb||32px||false|false\u00a0\u00bb global_colors_info=\u00a0\u00bb{}\u00a0\u00bb]<\/p>\n<p>Conseil d&rsquo;administration<\/p>\n<p>[\/et_pb_text][et_pb_blurb image=\u00a0\u00bbhttps:\/\/optimedis.de\/wp-content\/uploads\/2022\/02\/telefon_grau.svg\u00a0\u00bb icon_placement=\u00a0\u00bbleft\u00a0\u00bb image_icon_width=\u00a0\u00bb33px\u00a0\u00bb _builder_version=\u00a0\u00bb4.17.3&Prime; _module_preset=\u00a0\u00bbdefault\u00a0\u00bb body_line_height=\u00a0\u00bb35px\u00a0\u00bb custom_margin=\u00a0\u00bb||25px||false|false\u00a0\u00bb global_colors_info=\u00a0\u00bb{}\u00a0\u00bb]<\/p>\n<p>+49 40 22621149-0<\/p>\n<p>[\/et_pb_blurb][et_pb_blurb image=\u00a0\u00bbhttps:\/\/optimedis.de\/wp-content\/uploads\/2022\/02\/smartphone_grau.svg\u00a0\u00bb icon_placement=\u00a0\u00bbleft\u00a0\u00bb image_icon_width=\u00a0\u00bb32px\u00a0\u00bb _builder_version=\u00a0\u00bb4.17.3&Prime; _module_preset=\u00a0\u00bbdefault\u00a0\u00bb body_line_height=\u00a0\u00bb32px\u00a0\u00bb custom_padding=\u00a0\u00bb6px||25px||false|false\u00a0\u00bb global_colors_info=\u00a0\u00bb{}\u00a0\u00bb]<\/p>\n<p>+49 172 4215165<\/p>\n<p>[\/et_pb_blurb][et_pb_blurb image=\u00a0\u00bbhttps:\/\/optimedis.de\/wp-content\/uploads\/2022\/02\/mail_grau.svg\u00a0\u00bb icon_placement=\u00a0\u00bbleft\u00a0\u00bb image_icon_width=\u00a0\u00bb37px\u00a0\u00bb _builder_version=\u00a0\u00bb4.17.3&Prime; _module_preset=\u00a0\u00bbdefault\u00a0\u00bb body_line_height=\u00a0\u00bb46px\u00a0\u00bb link_option_url=\u00a0\u00bbmailto:h.hildebrandt@optimedis.de\u00a0\u00bb global_colors_info=\u00a0\u00bb{}\u00a0\u00bb]<\/p>\n<p>h.hildebrandt@optimedis.de<\/p>\n<p>[\/et_pb_blurb][et_pb_divider show_divider=\u00a0\u00bboff\u00a0\u00bb _builder_version=\u00a0\u00bb4.16&Prime; _module_preset=\u00a0\u00bbdefault\u00a0\u00bb global_colors_info=\u00a0\u00bb{}\u00a0\u00bb][\/et_pb_divider][et_pb_text module_class=\u00a0\u00bbinner100width\u00a0\u00bb _builder_version=\u00a0\u00bb4.17.3&Prime; _module_preset=\u00a0\u00bbdefault\u00a0\u00bb custom_padding=\u00a0\u00bb|1px||||\u00a0\u00bb link_option_url=\u00a0\u00bbmailto:h.hildebrandt@optimedis.de\u00a0\u00bb link_option_url_new_window=\u00a0\u00bbon\u00a0\u00bb custom_css_main_element=\u00a0\u00bbdisplay:flex;flex-direction:row; width:100%;\u00a0\u00bb global_colors_info=\u00a0\u00bb{}\u00a0\u00bb]<\/p>\n<p><a href=\"mailto:b.horwege@optimedis.de\"><img decoding=\"async\" data-src=\"https:\/\/optimedis.de\/wp-content\/uploads\/2022\/02\/kontakt-emailpng.png\" width=\"132\" height=\"47\" alt=\"\" class=\"wp-image-8364 alignnone size-full lazyload\" style=\"--smush-placeholder-width: 132px; --smush-placeholder-aspect-ratio: 132\/47;margin-right: 40px;\" src=\"data:image\/svg+xml;base64,PHN2ZyB3aWR0aD0iMSIgaGVpZ2h0PSIxIiB4bWxucz0iaHR0cDovL3d3dy53My5vcmcvMjAwMC9zdmciPjwvc3ZnPg==\"><\/a> <a href=\"https:\/\/www.linkedin.com\/in\/dr-h-c-helmut-hildebrandt-b4779644\/\"><img decoding=\"async\" data-src=\"https:\/\/optimedis.de\/wp-content\/uploads\/2022\/02\/kontakt-linkedin.png\" width=\"46\" height=\"46\" alt=\"\" class=\"wp-image-8353 alignnone size-full lazyload\" style=\"--smush-placeholder-width: 46px; --smush-placeholder-aspect-ratio: 46\/46;float: right;\" src=\"data:image\/svg+xml;base64,PHN2ZyB3aWR0aD0iMSIgaGVpZ2h0PSIxIiB4bWxucz0iaHR0cDovL3d3dy53My5vcmcvMjAwMC9zdmciPjwvc3ZnPg==\"><\/a><a href=\"https:\/\/www.xing.com\/profile\/Helmut_Hildebrandt2\/cv\"><img decoding=\"async\" data-src=\"https:\/\/optimedis.de\/wp-content\/uploads\/2022\/02\/kontakt-xing.png\" width=\"46\" height=\"46\" alt=\"\" class=\"wp-image-8357 alignnone size-full lazyload\" style=\"--smush-placeholder-width: 46px; --smush-placeholder-aspect-ratio: 46\/46;margin-right: 15px; float: right;\" src=\"data:image\/svg+xml;base64,PHN2ZyB3aWR0aD0iMSIgaGVpZ2h0PSIxIiB4bWxucz0iaHR0cDovL3d3dy53My5vcmcvMjAwMC9zdmciPjwvc3ZnPg==\"><\/a><\/p>\n<p>[\/et_pb_text][\/et_pb_column][\/et_pb_row][et_pb_row column_structure=\u00a0\u00bb2_5,3_5&Prime; use_custom_gutter=\u00a0\u00bbon\u00a0\u00bb gutter_width=\u00a0\u00bb1&Prime; make_equal=\u00a0\u00bbon\u00a0\u00bb module_class=\u00a0\u00bbrowkontaktdaten\u00a0\u00bb _builder_version=\u00a0\u00bb4.17.3&Prime; _module_preset=\u00a0\u00bbe30d4ce4-adac-4b15-977d-a52a8ee64faa\u00a0\u00bb max_width=\u00a0\u00bb980px\u00a0\u00bb custom_padding=\u00a0\u00bb0px|30px||30px|false|false\u00a0\u00bb global_colors_info=\u00a0\u00bb{}\u00a0\u00bb][et_pb_column type=\u00a0\u00bb2_5&Prime; _builder_version=\u00a0\u00bb4.17.3&Prime; _module_preset=\u00a0\u00bbdefault\u00a0\u00bb background_color=\u00a0\u00bbrgba(143,142,147,0.2)\u00a0\u00bb background_image=\u00a0\u00bbhttps:\/\/optimedis.de\/wp-content\/uploads\/2021\/06\/Dr-Oliver-Groene.png\u00a0\u00bb global_colors_info=\u00a0\u00bb{}\u00a0\u00bb custom_css_main_element_last_edited=\u00a0\u00bbon|tablet\u00a0\u00bb custom_css_main_element_tablet=\u00a0\u00bbdisplay:block !important; height:450px;\u00a0\u00bb custom_css_main_element_phone=\u00a0\u00bbdisplay:block !important; height:450px;\u00a0\u00bb][\/et_pb_column][et_pb_column type=\u00a0\u00bb3_5&Prime; _builder_version=\u00a0\u00bb4.17.3&Prime; _module_preset=\u00a0\u00bbdefault\u00a0\u00bb background_color=\u00a0\u00bbrgba(143,142,147,0.2)\u00a0\u00bb custom_padding=\u00a0\u00bb30px|20px|30px|11%|true|false\u00a0\u00bb global_colors_info=\u00a0\u00bb{}\u00a0\u00bb][et_pb_text _builder_version=\u00a0\u00bb4.17.3&Prime; _module_preset=\u00a0\u00bbdefault\u00a0\u00bb header_2_text_color=\u00a0\u00bb#EC6961&Prime; header_4_text_color=\u00a0\u00bb#EC6961&Prime; global_colors_info=\u00a0\u00bb{}\u00a0\u00bb]<\/p>\n<h4>Prof. Dr Oliver Gr\u00f6ne<\/h4>\n<p>[\/et_pb_text][et_pb_text _builder_version=\u00a0\u00bb4.27.4&Prime; _module_preset=\u00a0\u00bbdefault\u00a0\u00bb text_font=\u00a0\u00bbEuclidCircularB-Bold||||||||\u00a0\u00bb text_text_color=\u00a0\u00bb#2D4259&Prime; custom_margin=\u00a0\u00bb||32px||false|false\u00a0\u00bb global_colors_info=\u00a0\u00bb{}\u00a0\u00bb]<\/p>\n<p>Chief Scientific Officer (CSO) &amp; <br \/>Directeur de la recherche<\/p>\n<p>[\/et_pb_text][et_pb_blurb image=\u00a0\u00bbhttps:\/\/optimedis.de\/wp-content\/uploads\/2022\/02\/telefon_grau.svg\u00a0\u00bb icon_placement=\u00a0\u00bbleft\u00a0\u00bb image_icon_width=\u00a0\u00bb33px\u00a0\u00bb _builder_version=\u00a0\u00bb4.16&Prime; _module_preset=\u00a0\u00bbdefault\u00a0\u00bb body_line_height=\u00a0\u00bb35px\u00a0\u00bb custom_margin=\u00a0\u00bb||25px||false|false\u00a0\u00bb global_colors_info=\u00a0\u00bb{}\u00a0\u00bb]<\/p>\n<p>+49 40 22621149-21<\/p>\n<p>[\/et_pb_blurb][et_pb_blurb image=\u00a0\u00bbhttps:\/\/optimedis.de\/wp-content\/uploads\/2022\/02\/smartphone_grau.svg\u00a0\u00bb icon_placement=\u00a0\u00bbleft\u00a0\u00bb image_icon_width=\u00a0\u00bb32px\u00a0\u00bb _builder_version=\u00a0\u00bb4.16&Prime; _module_preset=\u00a0\u00bbdefault\u00a0\u00bb body_line_height=\u00a0\u00bb32px\u00a0\u00bb custom_padding=\u00a0\u00bb||25px||false|false\u00a0\u00bb global_colors_info=\u00a0\u00bb{}\u00a0\u00bb]<\/p>\n<p>+49 178 5921013<\/p>\n<p>[\/et_pb_blurb][et_pb_blurb image=\u00a0\u00bbhttps:\/\/optimedis.de\/wp-content\/uploads\/2022\/02\/mail_grau.svg\u00a0\u00bb icon_placement=\u00a0\u00bbleft\u00a0\u00bb image_icon_width=\u00a0\u00bb37px\u00a0\u00bb _builder_version=\u00a0\u00bb4.17.3&Prime; _module_preset=\u00a0\u00bbdefault\u00a0\u00bb body_line_height=\u00a0\u00bb46px\u00a0\u00bb link_option_url=\u00a0\u00bbmailto:o.groene@optimedis.de\u00a0\u00bb global_colors_info=\u00a0\u00bb{}\u00a0\u00bb]<\/p>\n<p>o.groene@optimedis.de<\/p>\n<p>[\/et_pb_blurb][et_pb_divider show_divider=\u00a0\u00bboff\u00a0\u00bb _builder_version=\u00a0\u00bb4.16&Prime; _module_preset=\u00a0\u00bbdefault\u00a0\u00bb global_colors_info=\u00a0\u00bb{}\u00a0\u00bb][\/et_pb_divider][et_pb_text module_class=\u00a0\u00bbinner100width\u00a0\u00bb _builder_version=\u00a0\u00bb4.17.3&Prime; _module_preset=\u00a0\u00bbdefault\u00a0\u00bb custom_css_main_element=\u00a0\u00bbdisplay:flex;flex-direction:row; width:100%;\u00a0\u00bb global_colors_info=\u00a0\u00bb{}\u00a0\u00bb]<\/p>\n<p><a href=\"mailto:o.groene@optimedis.de\"><img decoding=\"async\" data-src=\"https:\/\/optimedis.de\/wp-content\/uploads\/2022\/02\/kontakt-emailpng.png\" width=\"132\" height=\"47\" alt=\"\" class=\"wp-image-8364 alignnone size-full lazyload\" style=\"--smush-placeholder-width: 132px; --smush-placeholder-aspect-ratio: 132\/47;margin-right: 40px;\" src=\"data:image\/svg+xml;base64,PHN2ZyB3aWR0aD0iMSIgaGVpZ2h0PSIxIiB4bWxucz0iaHR0cDovL3d3dy53My5vcmcvMjAwMC9zdmciPjwvc3ZnPg==\"><\/a> <a href=\"https:\/\/www.linkedin.com\/in\/olivergroene\/\" target=\"_blank\" rel=\"noopener\"><img decoding=\"async\" data-src=\"https:\/\/optimedis.de\/wp-content\/uploads\/2022\/02\/kontakt-linkedin.png\" width=\"46\" height=\"46\" alt=\"\" class=\"wp-image-8353 alignnone size-full lazyload\" style=\"--smush-placeholder-width: 46px; --smush-placeholder-aspect-ratio: 46\/46;float: right;\" src=\"data:image\/svg+xml;base64,PHN2ZyB3aWR0aD0iMSIgaGVpZ2h0PSIxIiB4bWxucz0iaHR0cDovL3d3dy53My5vcmcvMjAwMC9zdmciPjwvc3ZnPg==\"><\/a><a href=\"https:\/\/www.xing.com\/profile\/Oliver_Groene5\" target=\"_blank\" rel=\"noopener\"><img decoding=\"async\" data-src=\"https:\/\/optimedis.de\/wp-content\/uploads\/2022\/02\/kontakt-xing.png\" width=\"46\" height=\"46\" alt=\"\" class=\"wp-image-8357 alignnone size-full lazyload\" style=\"--smush-placeholder-width: 46px; --smush-placeholder-aspect-ratio: 46\/46;margin-right: 15px; float: right;\" src=\"data:image\/svg+xml;base64,PHN2ZyB3aWR0aD0iMSIgaGVpZ2h0PSIxIiB4bWxucz0iaHR0cDovL3d3dy53My5vcmcvMjAwMC9zdmciPjwvc3ZnPg==\"><\/a><\/p>\n<p>[\/et_pb_text][\/et_pb_column][\/et_pb_row][et_pb_row column_structure=\u00a0\u00bb2_5,3_5&Prime; use_custom_gutter=\u00a0\u00bbon\u00a0\u00bb gutter_width=\u00a0\u00bb1&Prime; make_equal=\u00a0\u00bbon\u00a0\u00bb disabled_on=\u00a0\u00bbon|on|on\u00a0\u00bb module_class=\u00a0\u00bbrowkontaktdaten\u00a0\u00bb _builder_version=\u00a0\u00bb4.27.4&Prime; _module_preset=\u00a0\u00bbe30d4ce4-adac-4b15-977d-a52a8ee64faa\u00a0\u00bb max_width=\u00a0\u00bb980px\u00a0\u00bb custom_padding=\u00a0\u00bb2px|30px||30px|false|false\u00a0\u00bb disabled=\u00a0\u00bbon\u00a0\u00bb global_colors_info=\u00a0\u00bb{}\u00a0\u00bb][et_pb_column type=\u00a0\u00bb2_5&Prime; _builder_version=\u00a0\u00bb4.20.0&Prime; _module_preset=\u00a0\u00bbdefault\u00a0\u00bb background_color=\u00a0\u00bbrgba(143,142,147,0.2)\u00a0\u00bb background_image=\u00a0\u00bbhttps:\/\/optimedis.de\/wp-content\/uploads\/2023\/03\/Moritz_Mumme_Kontakt.png\u00a0\u00bb global_colors_info=\u00a0\u00bb{}\u00a0\u00bb custom_css_main_element_last_edited=\u00a0\u00bbon|tablet\u00a0\u00bb custom_css_main_element_tablet=\u00a0\u00bbdisplay:block !important; height:450px;\u00a0\u00bb custom_css_main_element_phone=\u00a0\u00bbdisplay:block !important; height:450px;\u00a0\u00bb][\/et_pb_column][et_pb_column type=\u00a0\u00bb3_5&Prime; _builder_version=\u00a0\u00bb4.20.0&Prime; _module_preset=\u00a0\u00bbdefault\u00a0\u00bb background_color=\u00a0\u00bbrgba(143,142,147,0.2)\u00a0\u00bb custom_padding=\u00a0\u00bb30px|20px|30px|11%|true|false\u00a0\u00bb global_colors_info=\u00a0\u00bb{}\u00a0\u00bb][et_pb_text _builder_version=\u00a0\u00bb4.17.3&Prime; _module_preset=\u00a0\u00bbdefault\u00a0\u00bb header_2_text_color=\u00a0\u00bb#EC6961&Prime; header_4_text_color=\u00a0\u00bb#EC6961&Prime; global_colors_info=\u00a0\u00bb{}\u00a0\u00bb]<\/p>\n<h4>Moritz Mumme<\/h4>\n<p>[\/et_pb_text][et_pb_text _builder_version=\u00a0\u00bb4.21.0&Prime; _module_preset=\u00a0\u00bbdefault\u00a0\u00bb text_font=\u00a0\u00bbEuclidCircularB-Bold||||||||\u00a0\u00bb text_text_color=\u00a0\u00bb#2D4259&Prime; custom_margin=\u00a0\u00bb||32px||false|false\u00a0\u00bb global_colors_info=\u00a0\u00bb{}\u00a0\u00bb]<\/p>\n<p>Responsable senior du num\u00e9rique et de la transformation<\/p>\n<p>[\/et_pb_text][et_pb_blurb image=\u00a0\u00bbhttps:\/\/optimedis.de\/wp-content\/uploads\/2022\/02\/telefon_grau.svg\u00a0\u00bb icon_placement=\u00a0\u00bbleft\u00a0\u00bb image_icon_width=\u00a0\u00bb33px\u00a0\u00bb _builder_version=\u00a0\u00bb4.20.0&Prime; _module_preset=\u00a0\u00bbdefault\u00a0\u00bb body_line_height=\u00a0\u00bb35px\u00a0\u00bb custom_margin=\u00a0\u00bb||25px||false|false\u00a0\u00bb global_colors_info=\u00a0\u00bb{}\u00a0\u00bb]<\/p>\n<p>+49 40 22621149-0<\/p>\n<p>[\/et_pb_blurb][et_pb_blurb image=\u00a0\u00bbhttps:\/\/optimedis.de\/wp-content\/uploads\/2022\/02\/smartphone_grau.svg\u00a0\u00bb icon_placement=\u00a0\u00bbleft\u00a0\u00bb image_icon_width=\u00a0\u00bb32px\u00a0\u00bb disabled_on=\u00a0\u00bbon|on|on\u00a0\u00bb _builder_version=\u00a0\u00bb4.16&Prime; _module_preset=\u00a0\u00bbdefault\u00a0\u00bb body_line_height=\u00a0\u00bb32px\u00a0\u00bb custom_padding=\u00a0\u00bb||25px||false|false\u00a0\u00bb disabled=\u00a0\u00bbon\u00a0\u00bb global_colors_info=\u00a0\u00bb{}\u00a0\u00bb]<\/p>\n<p>+49 157 35145620<\/p>\n<p>[\/et_pb_blurb][et_pb_blurb image=\u00a0\u00bbhttps:\/\/optimedis.de\/wp-content\/uploads\/2022\/02\/mail_grau.svg\u00a0\u00bb icon_placement=\u00a0\u00bbleft\u00a0\u00bb image_icon_width=\u00a0\u00bb37px\u00a0\u00bb _builder_version=\u00a0\u00bb4.20.0&Prime; _module_preset=\u00a0\u00bbdefault\u00a0\u00bb body_line_height=\u00a0\u00bb46px\u00a0\u00bb link_option_url=\u00a0\u00bbmailto:m.mumme@optimedis.de  \u00a0\u00bb global_colors_info=\u00a0\u00bb{}\u00a0\u00bb]<\/p>\n<p>m.mumme@optimedis.de<\/p>\n<p>[\/et_pb_blurb][et_pb_divider show_divider=\u00a0\u00bboff\u00a0\u00bb _builder_version=\u00a0\u00bb4.16&Prime; _module_preset=\u00a0\u00bbdefault\u00a0\u00bb global_colors_info=\u00a0\u00bb{}\u00a0\u00bb][\/et_pb_divider][et_pb_text module_class=\u00a0\u00bbinner100width\u00a0\u00bb _builder_version=\u00a0\u00bb4.20.0&Prime; _module_preset=\u00a0\u00bbdefault\u00a0\u00bb custom_padding=\u00a0\u00bb|23px||||\u00a0\u00bb custom_css_main_element=\u00a0\u00bbdisplay:flex;flex-direction:row; width:100%;\u00a0\u00bb global_colors_info=\u00a0\u00bb{}\u00a0\u00bb]<\/p>\n<p><a href=\"mailto:m.mumme@optimedis.de%20\"><img decoding=\"async\" data-src=\"https:\/\/optimedis.de\/wp-content\/uploads\/2022\/02\/kontakt-emailpng.png\" width=\"132\" height=\"47\" alt=\"\" class=\"wp-image-8364 alignnone size-full lazyload\" style=\"--smush-placeholder-width: 132px; --smush-placeholder-aspect-ratio: 132\/47;margin-right: 40px;\" src=\"data:image\/svg+xml;base64,PHN2ZyB3aWR0aD0iMSIgaGVpZ2h0PSIxIiB4bWxucz0iaHR0cDovL3d3dy53My5vcmcvMjAwMC9zdmciPjwvc3ZnPg==\"><\/a> <a href=\"https:\/\/www.linkedin.com\/in\/moritz-mumme\/\" target=\"_blank\" rel=\"noopener\"><img decoding=\"async\" data-src=\"https:\/\/optimedis.de\/wp-content\/uploads\/2022\/02\/kontakt-linkedin.png\" width=\"46\" height=\"46\" alt=\"\" class=\"wp-image-8353 alignnone size-full lazyload\" style=\"--smush-placeholder-width: 46px; --smush-placeholder-aspect-ratio: 46\/46;float: right;\" src=\"data:image\/svg+xml;base64,PHN2ZyB3aWR0aD0iMSIgaGVpZ2h0PSIxIiB4bWxucz0iaHR0cDovL3d3dy53My5vcmcvMjAwMC9zdmciPjwvc3ZnPg==\"><\/a><\/p>\n<p>[\/et_pb_text][\/et_pb_column][\/et_pb_row][\/et_pb_section]<\/p>\n","protected":false},"excerpt":{"rendered":"<p>Nos meilleures pratiques montrent comment les soins int\u00e9gr\u00e9s et les approches innovantes peuvent am\u00e9liorer l&rsquo;acc\u00e8s aux soins pour tous.<\/p>\n","protected":false},"author":9,"featured_media":20697,"parent":0,"menu_order":4,"comment_status":"closed","ping_status":"closed","template":"","meta":{"_acf_changed":false,"_et_pb_use_builder":"on","_et_pb_old_content":"","_et_gb_content_width":"","footnotes":""},"class_list":["post-20695","page","type-page","status-publish","has-post-thumbnail","hentry"],"acf":[],"yoast_head":"<!-- This site is optimized with the Yoast SEO plugin v27.4 - https:\/\/yoast.com\/product\/yoast-seo-wordpress\/ -->\n<title>Meilleures pratiques - OptiMedis<\/title>\n<meta name=\"description\" content=\"Nos meilleures pratiques montrent comment les soins int\u00e9gr\u00e9s et les approches innovantes peuvent am\u00e9liorer l&#039;acc\u00e8s aux soins pour tous.\" \/>\n<meta name=\"robots\" content=\"index, follow, max-snippet:-1, max-image-preview:large, max-video-preview:-1\" \/>\n<link rel=\"canonical\" href=\"https:\/\/optimedis.de\/fr\/meilleures-pratiques\/\" \/>\n<meta property=\"og:locale\" content=\"fr_FR\" \/>\n<meta property=\"og:type\" content=\"article\" \/>\n<meta property=\"og:title\" content=\"Meilleures pratiques - OptiMedis\" \/>\n<meta property=\"og:description\" content=\"Nos meilleures pratiques montrent comment les soins int\u00e9gr\u00e9s et les approches innovantes peuvent am\u00e9liorer l&#039;acc\u00e8s aux soins pour tous.\" \/>\n<meta property=\"og:url\" content=\"https:\/\/optimedis.de\/fr\/meilleures-pratiques\/\" \/>\n<meta property=\"og:site_name\" content=\"OptiMedis\" \/>\n<meta property=\"article:modified_time\" content=\"2025-08-26T08:48:07+00:00\" \/>\n<meta property=\"og:image\" content=\"https:\/\/optimedis.de\/wp-content\/uploads\/2022\/06\/Foto_1021710122_GettyImages_-EschCollection_mod-1024x791.jpg\" \/>\n<meta name=\"twitter:card\" content=\"summary_large_image\" \/>\n<meta name=\"twitter:title\" content=\"Recherche centr\u00e9e sur le patient, r\u00e9alisation d&#039;innovations !\" \/>\n<meta name=\"twitter:description\" content=\"Il existe de nombreuses possibilit\u00e9s d&#039;am\u00e9liorer les soins de sant\u00e9, de les axer sur les r\u00e9sultats et de concilier les int\u00e9r\u00eats des patients, des fournisseurs et des payeurs. Nous menons des recherches internationales sur de nouvelles approches, notamment num\u00e9riques, et \u00e9valuons leur utilit\u00e9 dans les soins quotidiens.\" \/>\n<meta name=\"twitter:image\" content=\"https:\/\/optimedis.de\/wp-content\/uploads\/2022\/05\/iStock-1190146343-2-e1651754077512-740x366-1.jpg\" \/>\n<meta name=\"twitter:label1\" content=\"Dur\u00e9e de lecture estim\u00e9e\" \/>\n\t<meta name=\"twitter:data1\" content=\"24 minutes\" \/>\n<script type=\"application\/ld+json\" class=\"yoast-schema-graph\">{\"@context\":\"https:\\\/\\\/schema.org\",\"@graph\":[{\"@type\":\"WebPage\",\"@id\":\"https:\\\/\\\/optimedis.de\\\/fr\\\/meilleures-pratiques\\\/\",\"url\":\"https:\\\/\\\/optimedis.de\\\/fr\\\/meilleures-pratiques\\\/\",\"name\":\"Meilleures pratiques - OptiMedis\",\"isPartOf\":{\"@id\":\"https:\\\/\\\/optimedis.de\\\/fr\\\/#website\"},\"primaryImageOfPage\":{\"@id\":\"https:\\\/\\\/optimedis.de\\\/fr\\\/meilleures-pratiques\\\/#primaryimage\"},\"image\":{\"@id\":\"https:\\\/\\\/optimedis.de\\\/fr\\\/meilleures-pratiques\\\/#primaryimage\"},\"thumbnailUrl\":\"https:\\\/\\\/optimedis.de\\\/wp-content\\\/uploads\\\/2025\\\/01\\\/AdobeStock_535225628-2-1-scaled.jpeg\",\"datePublished\":\"2025-07-21T07:22:25+00:00\",\"dateModified\":\"2025-08-26T08:48:07+00:00\",\"description\":\"Nos meilleures pratiques montrent comment les soins int\u00e9gr\u00e9s et les approches innovantes peuvent am\u00e9liorer l'acc\u00e8s aux soins pour tous.\",\"breadcrumb\":{\"@id\":\"https:\\\/\\\/optimedis.de\\\/fr\\\/meilleures-pratiques\\\/#breadcrumb\"},\"inLanguage\":\"fr-FR\",\"potentialAction\":[{\"@type\":\"ReadAction\",\"target\":[\"https:\\\/\\\/optimedis.de\\\/fr\\\/meilleures-pratiques\\\/\"]}]},{\"@type\":\"ImageObject\",\"inLanguage\":\"fr-FR\",\"@id\":\"https:\\\/\\\/optimedis.de\\\/fr\\\/meilleures-pratiques\\\/#primaryimage\",\"url\":\"https:\\\/\\\/optimedis.de\\\/wp-content\\\/uploads\\\/2025\\\/01\\\/AdobeStock_535225628-2-1-scaled.jpeg\",\"contentUrl\":\"https:\\\/\\\/optimedis.de\\\/wp-content\\\/uploads\\\/2025\\\/01\\\/AdobeStock_535225628-2-1-scaled.jpeg\",\"width\":1500,\"height\":1000,\"caption\":\"Creative businesswomen brainstorming using sticky notes. Young businesswomen discussing their business ideas during a meeting. Two female entrepreneurs working as a team in a modern office.\"},{\"@type\":\"BreadcrumbList\",\"@id\":\"https:\\\/\\\/optimedis.de\\\/fr\\\/meilleures-pratiques\\\/#breadcrumb\",\"itemListElement\":[{\"@type\":\"ListItem\",\"position\":1,\"name\":\"Home\",\"item\":\"https:\\\/\\\/optimedis.de\\\/fr\\\/\"},{\"@type\":\"ListItem\",\"position\":2,\"name\":\"Meilleures pratiques\"}]},{\"@type\":\"WebSite\",\"@id\":\"https:\\\/\\\/optimedis.de\\\/fr\\\/#website\",\"url\":\"https:\\\/\\\/optimedis.de\\\/fr\\\/\",\"name\":\"OptiMedis\",\"description\":\"\",\"publisher\":{\"@id\":\"https:\\\/\\\/optimedis.de\\\/fr\\\/#organization\"},\"potentialAction\":[{\"@type\":\"SearchAction\",\"target\":{\"@type\":\"EntryPoint\",\"urlTemplate\":\"https:\\\/\\\/optimedis.de\\\/fr\\\/?s={search_term_string}\"},\"query-input\":{\"@type\":\"PropertyValueSpecification\",\"valueRequired\":true,\"valueName\":\"search_term_string\"}}],\"inLanguage\":\"fr-FR\"},{\"@type\":\"Organization\",\"@id\":\"https:\\\/\\\/optimedis.de\\\/fr\\\/#organization\",\"name\":\"OptiMedis\",\"url\":\"https:\\\/\\\/optimedis.de\\\/fr\\\/\",\"logo\":{\"@type\":\"ImageObject\",\"inLanguage\":\"fr-FR\",\"@id\":\"https:\\\/\\\/optimedis.de\\\/fr\\\/#\\\/schema\\\/logo\\\/image\\\/\",\"url\":\"https:\\\/\\\/optimedis.de\\\/wp-content\\\/uploads\\\/2022\\\/04\\\/optimedis-logo-color.svg\",\"contentUrl\":\"https:\\\/\\\/optimedis.de\\\/wp-content\\\/uploads\\\/2022\\\/04\\\/optimedis-logo-color.svg\",\"width\":1,\"height\":1,\"caption\":\"OptiMedis\"},\"image\":{\"@id\":\"https:\\\/\\\/optimedis.de\\\/fr\\\/#\\\/schema\\\/logo\\\/image\\\/\"}}]}<\/script>\n<!-- \/ Yoast SEO plugin. -->","yoast_head_json":{"title":"Meilleures pratiques - OptiMedis","description":"Nos meilleures pratiques montrent comment les soins int\u00e9gr\u00e9s et les approches innovantes peuvent am\u00e9liorer l'acc\u00e8s aux soins pour tous.","robots":{"index":"index","follow":"follow","max-snippet":"max-snippet:-1","max-image-preview":"max-image-preview:large","max-video-preview":"max-video-preview:-1"},"canonical":"https:\/\/optimedis.de\/fr\/meilleures-pratiques\/","og_locale":"fr_FR","og_type":"article","og_title":"Meilleures pratiques - OptiMedis","og_description":"Nos meilleures pratiques montrent comment les soins int\u00e9gr\u00e9s et les approches innovantes peuvent am\u00e9liorer l'acc\u00e8s aux soins pour tous.","og_url":"https:\/\/optimedis.de\/fr\/meilleures-pratiques\/","og_site_name":"OptiMedis","article_modified_time":"2025-08-26T08:48:07+00:00","og_image":[{"url":"https:\/\/optimedis.de\/wp-content\/uploads\/2022\/06\/Foto_1021710122_GettyImages_-EschCollection_mod-1024x791.jpg","type":"","width":"","height":""}],"twitter_card":"summary_large_image","twitter_title":"Recherche centr\u00e9e sur le patient, r\u00e9alisation d'innovations !","twitter_description":"Il existe de nombreuses possibilit\u00e9s d'am\u00e9liorer les soins de sant\u00e9, de les axer sur les r\u00e9sultats et de concilier les int\u00e9r\u00eats des patients, des fournisseurs et des payeurs. Nous menons des recherches internationales sur de nouvelles approches, notamment num\u00e9riques, et \u00e9valuons leur utilit\u00e9 dans les soins quotidiens.","twitter_image":"https:\/\/optimedis.de\/wp-content\/uploads\/2022\/05\/iStock-1190146343-2-e1651754077512-740x366-1.jpg","twitter_misc":{"Dur\u00e9e de lecture estim\u00e9e":"24 minutes"},"schema":{"@context":"https:\/\/schema.org","@graph":[{"@type":"WebPage","@id":"https:\/\/optimedis.de\/fr\/meilleures-pratiques\/","url":"https:\/\/optimedis.de\/fr\/meilleures-pratiques\/","name":"Meilleures pratiques - OptiMedis","isPartOf":{"@id":"https:\/\/optimedis.de\/fr\/#website"},"primaryImageOfPage":{"@id":"https:\/\/optimedis.de\/fr\/meilleures-pratiques\/#primaryimage"},"image":{"@id":"https:\/\/optimedis.de\/fr\/meilleures-pratiques\/#primaryimage"},"thumbnailUrl":"https:\/\/optimedis.de\/wp-content\/uploads\/2025\/01\/AdobeStock_535225628-2-1-scaled.jpeg","datePublished":"2025-07-21T07:22:25+00:00","dateModified":"2025-08-26T08:48:07+00:00","description":"Nos meilleures pratiques montrent comment les soins int\u00e9gr\u00e9s et les approches innovantes peuvent am\u00e9liorer l'acc\u00e8s aux soins pour tous.","breadcrumb":{"@id":"https:\/\/optimedis.de\/fr\/meilleures-pratiques\/#breadcrumb"},"inLanguage":"fr-FR","potentialAction":[{"@type":"ReadAction","target":["https:\/\/optimedis.de\/fr\/meilleures-pratiques\/"]}]},{"@type":"ImageObject","inLanguage":"fr-FR","@id":"https:\/\/optimedis.de\/fr\/meilleures-pratiques\/#primaryimage","url":"https:\/\/optimedis.de\/wp-content\/uploads\/2025\/01\/AdobeStock_535225628-2-1-scaled.jpeg","contentUrl":"https:\/\/optimedis.de\/wp-content\/uploads\/2025\/01\/AdobeStock_535225628-2-1-scaled.jpeg","width":1500,"height":1000,"caption":"Creative businesswomen brainstorming using sticky notes. Young businesswomen discussing their business ideas during a meeting. Two female entrepreneurs working as a team in a modern office."},{"@type":"BreadcrumbList","@id":"https:\/\/optimedis.de\/fr\/meilleures-pratiques\/#breadcrumb","itemListElement":[{"@type":"ListItem","position":1,"name":"Home","item":"https:\/\/optimedis.de\/fr\/"},{"@type":"ListItem","position":2,"name":"Meilleures pratiques"}]},{"@type":"WebSite","@id":"https:\/\/optimedis.de\/fr\/#website","url":"https:\/\/optimedis.de\/fr\/","name":"OptiMedis","description":"","publisher":{"@id":"https:\/\/optimedis.de\/fr\/#organization"},"potentialAction":[{"@type":"SearchAction","target":{"@type":"EntryPoint","urlTemplate":"https:\/\/optimedis.de\/fr\/?s={search_term_string}"},"query-input":{"@type":"PropertyValueSpecification","valueRequired":true,"valueName":"search_term_string"}}],"inLanguage":"fr-FR"},{"@type":"Organization","@id":"https:\/\/optimedis.de\/fr\/#organization","name":"OptiMedis","url":"https:\/\/optimedis.de\/fr\/","logo":{"@type":"ImageObject","inLanguage":"fr-FR","@id":"https:\/\/optimedis.de\/fr\/#\/schema\/logo\/image\/","url":"https:\/\/optimedis.de\/wp-content\/uploads\/2022\/04\/optimedis-logo-color.svg","contentUrl":"https:\/\/optimedis.de\/wp-content\/uploads\/2022\/04\/optimedis-logo-color.svg","width":1,"height":1,"caption":"OptiMedis"},"image":{"@id":"https:\/\/optimedis.de\/fr\/#\/schema\/logo\/image\/"}}]}},"_links":{"self":[{"href":"https:\/\/optimedis.de\/fr\/wp-json\/wp\/v2\/pages\/20695","targetHints":{"allow":["GET"]}}],"collection":[{"href":"https:\/\/optimedis.de\/fr\/wp-json\/wp\/v2\/pages"}],"about":[{"href":"https:\/\/optimedis.de\/fr\/wp-json\/wp\/v2\/types\/page"}],"author":[{"embeddable":true,"href":"https:\/\/optimedis.de\/fr\/wp-json\/wp\/v2\/users\/9"}],"replies":[{"embeddable":true,"href":"https:\/\/optimedis.de\/fr\/wp-json\/wp\/v2\/comments?post=20695"}],"version-history":[{"count":9,"href":"https:\/\/optimedis.de\/fr\/wp-json\/wp\/v2\/pages\/20695\/revisions"}],"predecessor-version":[{"id":21553,"href":"https:\/\/optimedis.de\/fr\/wp-json\/wp\/v2\/pages\/20695\/revisions\/21553"}],"wp:featuredmedia":[{"embeddable":true,"href":"https:\/\/optimedis.de\/fr\/wp-json\/wp\/v2\/media\/20697"}],"wp:attachment":[{"href":"https:\/\/optimedis.de\/fr\/wp-json\/wp\/v2\/media?parent=20695"}],"curies":[{"name":"wp","href":"https:\/\/api.w.org\/{rel}","templated":true}]}}